{"id":8129,"date":"2023-10-16T10:47:01","date_gmt":"2023-10-16T08:47:01","guid":{"rendered":"https:\/\/www.eures-andalucia-algarve.eu\/?post_type=ufaq&#038;p=8129"},"modified":"2023-11-14T10:41:00","modified_gmt":"2023-11-14T09:41:00","slug":"alojamento","status":"publish","type":"ufaq","link":"https:\/\/www.eures-andalucia-algarve.eu\/pt-pt\/ufaq\/alojamento\/","title":{"rendered":"Alojamento"},"content":{"rendered":"<div  class=\"ewd-ufaq-faq-list ewd-ufaq-page-type-distinct\" id='ewd-ufaq-faq-list'>\n\n\t<input type='hidden' name='show_on_load' value='' id='ewd-ufaq-show-on-load' \/>\n<input type='hidden' name='include_category' value='' id='ewd-ufaq-include-category' \/>\n<input type='hidden' name='exclude_category' value='' id='ewd-ufaq-exclude-category' \/>\n<input type='hidden' name='orderby' value='date' id='ewd-ufaq-orderby' \/>\n<input type='hidden' name='order' value='desc' id='ewd-ufaq-order' \/>\n<input type='hidden' name='post_count' value='-1' id='ewd-ufaq-post-count' \/>\n<input type='hidden' name='current_url' value='\/pt-pt\/wp-json\/wp\/v2\/ufaq\/8129' id='ewd-ufaq-current-url' \/>\n\t\n\t\n\t<div class='ewd-ufaq-faqs'>\n\n\t\t<div  class=\"ewd-ufaq-faq-div ewd-ufaq-faq-column-count-one ewd-ufaq-faq-responsive-columns- ewd-ufaq-faq-display-style-default ewd-ufaq-can-be-toggled\" id='ewd-ufaq-post-8129-KVYDwlGGV7' data-post_id='8129'>\n\n\t<div class='ewd-ufaq-faq-title ewd-ufaq-faq-toggle'>\n\t\n\t<a class='ewd-ufaq-post-margin'  href='#'>\n\n\t\t<div class='ewd-ufaq-post-margin-symbol ewd-ufaq-'>\n\t\t\t<span >A<\/span>\n\t\t<\/div>\n\n\t\t<div class='ewd-ufaq-faq-title-text'>\n\n\t\t\t<h4>\n\t\t\t\tAlojamento\t\t\t<\/h4>\n\n\t\t<\/div>\n\n\t\t<div class='ewd-ufaq-clear'><\/div>\n\n\t<\/a>\n\t\n<\/div>\n\t\n\t<div class='ewd-ufaq-faq-body ' >\n\n\t\t\n\t\t\t<div class='ewd-ufaq-faq-categories'>\n\t\n\tCategory:\n\t\n\t\tCondiciones de vida en el Algarve\n\t\n<\/div>\n\t\t\n\t\t\t<div class='ewd-ufaq-post-margin ewd-ufaq-faq-post'>\n\t\t\t<div data-elementor-type=\"wp-post\" data-elementor-id=\"8129\" class=\"elementor elementor-8129\">\n\t\t\t\t<div class=\"elementor-element elementor-element-792b3a1 e-flex e-con-boxed wpr-particle-no wpr-jarallax-no wpr-parallax-no wpr-sticky-section-no e-con e-parent\" data-id=\"792b3a1\" data-element_type=\"container\" data-settings=\"{&quot;content_width&quot;:&quot;boxed&quot;}\" data-core-v316-plus=\"true\">\n\t\t\t\t\t<div class=\"e-con-inner\">\n\t\t\t\t<div class=\"elementor-element elementor-element-36288f12 elementor-widget elementor-widget-text-editor\" data-id=\"36288f12\" data-element_type=\"widget\" data-widget_type=\"text-editor.default\">\n\t\t\t\t<div class=\"elementor-widget-container\">\n\t\t\t\t\t\t\t<div class=\"ecl\"><p>\u00a0<\/p><p>Existem muitos websites com oferta de alojamento para arrendar\/comprar em Portugal, com maior cobertura para as \u00e1reas metropolitanas de Lisboa e Porto.<\/p><p>As ag\u00eancias imobili\u00e1rias e os jornais (estes \u00faltimos cada vez menos) s\u00e3o tamb\u00e9m uma forma de encontrar alojamento com qualidade, para arrendar ou comprar. Os jornais publicam an\u00fancios de arrendamento (\u201caluga-se\u201d) ou venda (\u201cvende-se\u201d).<\/p><p>Certifique-se sempre, nas suas pesquisas, que a ag\u00eancia que anuncia \/ com a qual vai negociar tem licen\u00e7a de media\u00e7\u00e3o imobili\u00e1ria.<\/p><p><strong>Arrendamento<\/strong><\/p><p>As rendas variam bastante de acordo com a localiza\u00e7\u00e3o, a qualidade e o n\u00famero de quartos. Por exemplo, um apartamento de 1 quarto (T1) pode variar entre 550\u20ac e 1500\u20ac por m\u00eas, enquanto 2-3 quartos (T2 ou T3) entre os 850\u20ac e os 3500\u20ac por m\u00eas, nas \u00e1reas metropolitanas de Lisboa e Porto.<\/p><p>Os contratos de arrendamento s\u00e3o escritos e a sua dura\u00e7\u00e3o \u00e9 acordada entre as partes. Se o contrato n\u00e3o estabelecer dura\u00e7\u00e3o, considera-se v\u00e1lido por 2 anos. No in\u00edcio do contrato, \u00e9 usual avan\u00e7ar com o pagamento de 1 m\u00eas adicional de cau\u00e7\u00e3o. Este corresponde ao m\u00eas de antecipa\u00e7\u00e3o com que o inquilino deve avisar o senhorio da sua inten\u00e7\u00e3o de deixar a casa.<\/p><p>Desde 2019, existe um Programa de Arrendamento Acess\u00edvel promovido pelo Governo, que visa promover uma oferta mais alargada de habita\u00e7\u00e3o a pre\u00e7os mais compat\u00edveis com os rendimentos dos cidad\u00e3os e das fam\u00edlias (por regra, rendas pelo menos 20% mais baixas do que os valores de refer\u00eancia no mercado para o mesmo tipo de im\u00f3vel).<\/p><p>Pode candidatar-se a este Programa (individualmente ou com a sua fam\u00edlia \/ grupo de amigos) desde que seja residente legal em Portugal (pelo menos, pelo per\u00edodo em que venha a vigorar o contrato de arrendamento \u2013 m\u00ednimo de 9 meses, para estudantes ou formandos; m\u00ednimo de 5 anos, para contratos de arrendamento permanente), disponha de um n\u00famero fiscal portugu\u00eas e:<\/p><ul style=\"margin-left: 40px\"><li>Disponha de fontes de rendimento pr\u00f3prias,<\/li><li>Ou seja estudante (do ensino secund\u00e1rio ou superior) ou formando inscrito em curso de forma\u00e7\u00e3o profissional \u2013 desde que o cumprimento das obriga\u00e7\u00f5es contratuais seja assumido por um fiador (por exemplo, um dos pais).<\/li><\/ul><p><strong>Compra<\/strong><\/p><p>A compra de um apartamento de 2 quartos (T2) na Grande Lisboa ou no Grande Porto pode variar entre 100.000\u20ac e 1.500.000\u20ac (dependendo, de entre outros aspetos, da localiza\u00e7\u00e3o, da antiguidade do edif\u00edcio e do estado de conserva\u00e7\u00e3o \u2013 com eventual necessidade de recupera\u00e7\u00e3o).<\/p><p>Se est\u00e1 a planear ficar por um longo per\u00edodo, \u00e9 mais vantajoso comprar do que arrendar casa.<\/p><p>O empr\u00e9stimo para compra de casa \u00e9 obtido atrav\u00e9s dos bancos, cujas condi\u00e7\u00f5es variam de acordo com a situa\u00e7\u00e3o financeira da pessoa, com as condi\u00e7\u00f5es da hipoteca, a localiza\u00e7\u00e3o da propriedade e o pr\u00f3prio banco. Precisa de um n\u00famero fiscal portugu\u00eas (NIF) para comprar o im\u00f3vel &#8211; o qual j\u00e1 deve ter, no caso de pagar impostos sobre os rendimentos do trabalho.<\/p><p>O not\u00e1rio cuida de toda a transa\u00e7\u00e3o da compra da casa. Regra geral, um \u201ccontrato promessa de compra e venda\u201d \u00e9 assinado antes do contrato definitivo (\u201cescritura\u201d).<\/p><p>A aquisi\u00e7\u00e3o de habita\u00e7\u00e3o est\u00e1 sujeita ao pagamento de IMT (Imposto Municipal sobre as Transmiss\u00f5es Onerosas de Im\u00f3veis), baseado no valor da propriedade e na localiza\u00e7\u00e3o. A taxa de tributa\u00e7\u00e3o m\u00e9dia aplic\u00e1vel pode variar entre 1% e 8%, conforme o valor do im\u00f3vel transacionado. Im\u00f3veis com valor at\u00e9 92.407\u20ac est\u00e3o isentos do pagamento deste imposto.<\/p><p>Anualmente tamb\u00e9m \u00e9 devido o IMI (Impostos Municipal de Im\u00f3veis), que pode ser pago de uma s\u00f3 vez, em 2 ou 3 presta\u00e7\u00f5es (dependendo do valor da coleta). Cada munic\u00edpio estabelece anualmente as taxas de IMI numa percentagem (0,3% a 0,45%) da avalia\u00e7\u00e3o do im\u00f3vel.<\/p><p>\u00a0<\/p><p><strong><u>Hiperliga\u00e7\u00f5es:<\/u><\/strong><\/p><div class=\"ecl-table-responsive\"><table class=\"ecl-table\"><tbody class=\"ecl-table__body\"><tr class=\"ecl-table__row\"><td><strong>T\u00edtulo\/nome<\/strong><\/td><td><strong>URL<\/strong><\/td><\/tr><tr class=\"ecl-table__row\"><td>Portal Comprar Casa (tamb\u00e9m inclui op\u00e7\u00e3o de arrendamento)<\/td><td><a class=\"ecl-link--icon ecl-link--icon-after\" href=\"https:\/\/www.comprarcasa.pt\">https:\/\/www.comprarcasa.pt<\/a><\/td><\/tr><tr class=\"ecl-table__row\"><td>IOL Classificados Casa<\/td><td><a class=\"ecl-link--icon ecl-link--icon-after\" href=\"https:\/\/www.casa.iol.pt\">https:\/\/www.casa.iol.pt<\/a><\/td><\/tr><tr class=\"ecl-table__row\"><td>Idealista<\/td><td><a class=\"ecl-link--icon ecl-link--icon-after\" href=\"https:\/\/www.idealista.pt\">https:\/\/www.idealista.pt<\/a><\/td><\/tr><tr class=\"ecl-table__row\"><td>Casa SAPO<\/td><td><a class=\"ecl-link--icon ecl-link--icon-after\" href=\"https:\/\/casa.sapo.pt\">https:\/\/casa.sapo.pt<\/a><\/td><\/tr><tr class=\"ecl-table__row\"><td>ERA Portugal<\/td><td><a class=\"ecl-link--icon ecl-link--icon-after\" href=\"https:\/\/www.era.pt\/\">https:\/\/www.era.pt\/<\/a><\/td><\/tr><tr class=\"ecl-table__row\"><td>REMAX Portugal<\/td><td><a class=\"ecl-link--icon ecl-link--icon-after\" href=\"https:\/\/www.remax.pt\">https:\/\/www.remax.pt<\/a><\/td><\/tr><tr class=\"ecl-table__row\"><td>Century 21<\/td><td><a class=\"ecl-link--icon ecl-link--icon-after\" href=\"https:\/\/www.century21.pt\/\">https:\/\/www.century21.pt\/<\/a><\/td><\/tr><tr class=\"ecl-table__row\"><td>Lar Doce &#8211; Lar Imobili\u00e1rios e Servi\u00e7os<\/td><td><a class=\"ecl-link--icon ecl-link--icon-after\" href=\"https:\/\/www.lardocelar.pt\/\">https:\/\/www.lardocelar.pt\/<\/a><\/td><\/tr><tr class=\"ecl-table__row\"><td>Reilar Sociedade de Media\u00e7\u00e3o Imobili\u00e1ria<\/td><td><a class=\"ecl-link--icon ecl-link--icon-after\" href=\"https:\/\/www.reilar.pt\/\">https:\/\/www.reilar.pt\/<\/a><\/td><\/tr><tr class=\"ecl-table__row\"><td>Portal Nacional de Arrendamento<\/td><td><a class=\"ecl-link--icon ecl-link--icon-after\" href=\"https:\/\/www.queroarrendar.com\/\">https:\/\/www.queroarrendar.com\/<\/a><\/td><\/tr><tr class=\"ecl-table__row\"><td>BPI Expresso Imobili\u00e1rio<\/td><td><a class=\"ecl-link--icon ecl-link--icon-after\" href=\"https:\/\/bpiexpressoimobiliario.pt\/\">https:\/\/bpiexpressoimobiliario.pt\/<\/a><\/td><\/tr><tr class=\"ecl-table__row\"><td>Caixa Imobili\u00e1rio<\/td><td><a class=\"ecl-link--icon ecl-link--icon-after\" href=\"https:\/\/www.caixaimobiliario.pt\/\">https:\/\/www.caixaimobiliario.pt\/<\/a><\/td><\/tr><tr class=\"ecl-table__row\"><td>Porta da Frente<\/td><td><a class=\"ecl-link--icon ecl-link--icon-after\" href=\"https:\/\/www.portadafrente.com\/\">https:\/\/www.portadafrente.com\/<\/a><\/td><\/tr><tr class=\"ecl-table__row\"><td>Imo-Portugal \u2013 Portal de Im\u00f3veis em Portugal<\/td><td><a class=\"ecl-link--icon ecl-link--icon-after\" href=\"https:\/\/www.imo-portugal.com\/\">https:\/\/www.imo-portugal.com\/<\/a><\/td><\/tr><tr class=\"ecl-table__row\"><td>ImoVirtual<\/td><td><a class=\"ecl-link--icon ecl-link--icon-after\" href=\"https:\/\/www.imovirtual.com\/\">https:\/\/www.imovirtual.com\/<\/a><\/td><\/tr><tr class=\"ecl-table__row\"><td>Astrol\u00e1bio Imobili\u00e1ria<\/td><td><a class=\"ecl-link--icon ecl-link--icon-after\" href=\"https:\/\/www.astrolabio.pt\/\">https:\/\/www.astrolabio.pt\/<\/a><\/td><\/tr><tr class=\"ecl-table__row\"><td>H\u00e1 Tudo<\/td><td><a class=\"ecl-link--icon ecl-link--icon-after\" href=\"https:\/\/www.hatudo.pt\/imobiliario\">https:\/\/www.hatudo.pt\/imobiliario<\/a><\/td><\/tr><tr class=\"ecl-table__row\"><td>Custo Justo<\/td><td><a class=\"ecl-link--icon ecl-link--icon-after\" href=\"https:\/\/www.custojusto.pt\/portugal\/q\/imobiliario\/\">https:\/\/www.custojusto.pt\/portugal\/q\/imobiliario\/<\/a><\/td><\/tr><tr class=\"ecl-table__row\"><td>Viva Local<\/td><td><a class=\"ecl-link--icon ecl-link--icon-after\" href=\"https:\/\/search.vivalocal.pt\/Imoveis\/pt?lb=new&amp;search=1&amp;start_field=1&amp;select-this=7&amp;searchGeoId=0&amp;offer_type=offer&amp;end_field=\">https:\/\/search.vivalocal.pt\/Imoveis\/pt?lb=new&amp;search=1&amp;start_field=1&amp;se\u2026<\/a><\/td><\/tr><tr class=\"ecl-table__row\"><td>Trovit<\/td><td><a class=\"ecl-link--icon ecl-link--icon-after\" href=\"https:\/\/casa.trovit.pt\/\">https:\/\/casa.trovit.pt\/<\/a><\/td><\/tr><tr class=\"ecl-table__row\"><td>Properties in Portugal, propriedades para compra<\/td><td><p>\u00a0<\/p><p><a class=\"ecl-link--icon ecl-link--icon-after\" href=\"https:\/\/www.propertiesinportugal.com\">https:\/\/www.propertiesinportugal.com<\/a><\/p><\/td><\/tr><tr class=\"ecl-table__row\"><td>Moving to Portugal<\/td><td><a class=\"ecl-link--icon ecl-link--icon-after\" href=\"https:\/\/www.movingtoportugal.pt\/\">https:\/\/www.movingtoportugal.pt\/<\/a><\/td><\/tr><tr class=\"ecl-table__row\"><td>Living Portugal<\/td><td><a class=\"ecl-link--icon ecl-link--icon-after\" href=\"https:\/\/livingportugal.pt\">https:\/\/livingportugal.pt<\/a><\/td><\/tr><tr class=\"ecl-table__row\"><td>Portugal Living<\/td><td><a class=\"ecl-link--icon ecl-link--icon-after\" href=\"https:\/\/portugal-living.com\">https:\/\/portugal-living.com<\/a><\/td><\/tr><tr class=\"ecl-table__row\"><td>Live in Portugal<\/td><td><a class=\"ecl-link--icon ecl-link--icon-after\" href=\"https:\/\/www.livein.pt\">https:\/\/www.livein.pt<\/a><\/td><\/tr><tr class=\"ecl-table__row\"><td>Portugalist<\/td><td><a class=\"ecl-link--icon ecl-link--icon-after\" href=\"https:\/\/www.portugalist.com\/\">https:\/\/www.portugalist.com\/<\/a><\/td><\/tr><tr class=\"ecl-table__row\"><td>BePortugal<\/td><td><a class=\"ecl-link--icon ecl-link--icon-after\" href=\"https:\/\/beportugal.com\">https:\/\/beportugal.com<\/a><\/td><\/tr><tr class=\"ecl-table__row\"><td>Associa\u00e7\u00e3o Lisbonense de Propriet\u00e1rios<\/td><td><a class=\"ecl-link--icon ecl-link--icon-after\" href=\"https:\/\/www.alp.pt\/\">https:\/\/www.alp.pt\/<\/a><\/td><\/tr><tr class=\"ecl-table__row\"><td>Portal das Finan\u00e7as &gt; C\u00f3digo do IMT (Imposto Municipal sobre as Transmiss\u00f5es Onerosas de Im\u00f3veis)<\/td><td><a class=\"ecl-link--icon ecl-link--icon-after\" href=\"https:\/\/info.portaldasfinancas.gov.pt\/pt\/informacao_fiscal\/codigos_tributarios\/cimt\/Pages\/codigo-do-imt-indice.aspx\/\">https:\/\/info.portaldasfinancas.gov.pt\/pt\/informacao_fiscal\/codigos_trib\u2026<\/a><\/td><\/tr><tr class=\"ecl-table__row\"><td>Portal das Finan\u00e7as &gt; C\u00f3digo do IMI (Imposto Municipal sobre Im\u00f3veis)<\/td><td><a class=\"ecl-link--icon ecl-link--icon-after\" href=\"https:\/\/info.portaldasfinancas.gov.pt\/pt\/informacao_fiscal\/codigos_tributarios\/cimi\/Pages\/codigo-do-imi-indice.aspx\/\">https:\/\/info.portaldasfinancas.gov.pt\/pt\/informacao_fiscal\/codigos_trib\u2026<\/a><\/td><\/tr><tr class=\"ecl-table__row\"><td>Portal das Finan\u00e7as &gt; Apoio ao Contribuinte<\/td><td><a class=\"ecl-link--icon ecl-link--icon-after\" href=\"https:\/\/info.portaldasfinancas.gov.pt\/pt\/apoio_contribuinte\/\">https:\/\/info.portaldasfinancas.gov.pt\/pt\/apoio_contribuinte\/<\/a><\/td><\/tr><tr class=\"ecl-table__row\"><td>Associa\u00e7\u00e3o dos Profissionais e Empresas de Media\u00e7\u00e3o Imobili\u00e1ria de Portugal (APEMIP)<\/td><td><a class=\"ecl-link--icon ecl-link--icon-after\" href=\"https:\/\/apemip.pt\/\">https:\/\/apemip.pt\/<\/a><\/td><\/tr><tr class=\"ecl-table__row\"><td>Portal da Habita\u00e7\u00e3o<\/td><td><a class=\"ecl-link--icon ecl-link--icon-after\" href=\"https:\/\/www.portaldahabitacao.pt\/\">https:\/\/www.portaldahabitacao.pt\/<\/a><\/td><\/tr><tr class=\"ecl-table__row\"><td>Instituto dos Mercados P\u00fablicos do Imobili\u00e1rio e da Constru\u00e7\u00e3o<\/td><td><a class=\"ecl-link--icon ecl-link--icon-after\" href=\"https:\/\/www.impic.pt\/\">https:\/\/www.impic.pt\/<\/a><\/td><\/tr><tr class=\"ecl-table__row\"><td>Empresas de media\u00e7\u00e3o imobili\u00e1ria licenciadas<\/td><td><a class=\"ecl-link--icon ecl-link--icon-after\" href=\"https:\/\/www.impic.pt\/impic\/pt-pt\/consultar\/empresas-titulares-de-licenca-de-mediacao-imobiliaria\">https:\/\/www.impic.pt\/impic\/pt-pt\/consultar\/empresas-titulares-de-licenc\u2026<\/a><\/td><\/tr><tr class=\"ecl-table__row\"><td>Programa Arrendamento Acess\u00edvel<\/td><td><a class=\"ecl-link--icon ecl-link--icon-after\" href=\"https:\/\/www.portaldahabitacao.pt\/arrendamento-acessivel\">https:\/\/www.portaldahabitacao.pt\/arrendamento-acessivel<\/a><\/td><\/tr><tr class=\"ecl-table__row\"><td>Plataforma do Arrendamento Acess\u00edvel<\/td><td><a class=\"ecl-link--icon ecl-link--icon-after\" href=\"https:\/\/paa.portaldahabitacao.pt\/\">https:\/\/paa.portaldahabitacao.pt\/<\/a><\/td><\/tr><\/tbody><\/table><\/div><\/div><p>\u00a0<\/p><p>\u00a0<\/p>\t\t\t\t\t\t<\/div>\n\t\t\t\t<\/div>\n\t\t\t\t\t<\/div>\n\t\t\t\t<\/div>\n\t\t\t\t<\/div>\n\t\t<\/div>\n\t\t\n\t\t\t\n\t\t\n\t\t\t\n\t\t\n\t\t\t\n\t\t\n\t\t\t\n\t\t\n\t\t\t\n\t\t\n\t\t\t\n\t\t\n\t\t\t\n\t\t\n\t\t\t\n\t\t\n\t<\/div>\n\n<\/div>\n\t<\/div>\n\n\t\n<\/div>","protected":false},"excerpt":{"rendered":"<p>A Alojamento Category: Condiciones de vida en el Algarve \u00a0Existem muitos websites com oferta de alojamento para arrendar\/comprar em Portugal, com maior cobertura para as \u00e1reas metropolitanas de Lisboa e Porto.As ag\u00eancias imobili\u00e1rias e os jornais (estes \u00faltimos cada vez menos) s\u00e3o tamb\u00e9m uma forma de encontrar alojamento com qualidade, para arrendar ou comprar. Os [&hellip;]<\/p>\n","protected":false},"author":1,"comment_status":"open","ping_status":"closed","template":"","meta":{"om_disable_all_campaigns":false,"inline_featured_image":false,"_monsterinsights_skip_tracking":false,"_monsterinsights_sitenote_active":false,"_monsterinsights_sitenote_note":"","_monsterinsights_sitenote_category":0,"cybocfi_hide_featured_image":"","_links_to":"","_links_to_target":""},"ufaq-category":[141],"ufaq-tag":[],"aioseo_notices":[],"_links":{"self":[{"href":"https:\/\/www.eures-andalucia-algarve.eu\/pt-pt\/wp-json\/wp\/v2\/ufaq\/8129"}],"collection":[{"href":"https:\/\/www.eures-andalucia-algarve.eu\/pt-pt\/wp-json\/wp\/v2\/ufaq"}],"about":[{"href":"https:\/\/www.eures-andalucia-algarve.eu\/pt-pt\/wp-json\/wp\/v2\/types\/ufaq"}],"author":[{"embeddable":true,"href":"https:\/\/www.eures-andalucia-algarve.eu\/pt-pt\/wp-json\/wp\/v2\/users\/1"}],"replies":[{"embeddable":true,"href":"https:\/\/www.eures-andalucia-algarve.eu\/pt-pt\/wp-json\/wp\/v2\/comments?post=8129"}],"version-history":[{"count":7,"href":"https:\/\/www.eures-andalucia-algarve.eu\/pt-pt\/wp-json\/wp\/v2\/ufaq\/8129\/revisions"}],"predecessor-version":[{"id":13003,"href":"https:\/\/www.eures-andalucia-algarve.eu\/pt-pt\/wp-json\/wp\/v2\/ufaq\/8129\/revisions\/13003"}],"wp:attachment":[{"href":"https:\/\/www.eures-andalucia-algarve.eu\/pt-pt\/wp-json\/wp\/v2\/media?parent=8129"}],"wp:term":[{"taxonomy":"ufaq-category","embeddable":true,"href":"https:\/\/www.eures-andalucia-algarve.eu\/pt-pt\/wp-json\/wp\/v2\/ufaq-category?post=8129"},{"taxonomy":"ufaq-tag","embeddable":true,"href":"https:\/\/www.eures-andalucia-algarve.eu\/pt-pt\/wp-json\/wp\/v2\/ufaq-tag?post=8129"}],"curies":[{"name":"wp","href":"https:\/\/api.w.org\/{rel}","templated":true}]}}