{"id":8125,"date":"2023-10-16T10:43:21","date_gmt":"2023-10-16T08:43:21","guid":{"rendered":"https:\/\/www.eures-andalucia-algarve.eu\/?post_type=ufaq&#038;p=8125"},"modified":"2023-11-14T10:44:53","modified_gmt":"2023-11-14T09:44:53","slug":"sistema-de-ensino","status":"publish","type":"ufaq","link":"https:\/\/www.eures-andalucia-algarve.eu\/pt-pt\/ufaq\/sistema-de-ensino\/","title":{"rendered":"Sistema de ensino"},"content":{"rendered":"<div  class=\"ewd-ufaq-faq-list ewd-ufaq-page-type-distinct\" id='ewd-ufaq-faq-list'>\n\n\t<input type='hidden' name='show_on_load' value='' id='ewd-ufaq-show-on-load' \/>\n<input type='hidden' name='include_category' value='' id='ewd-ufaq-include-category' \/>\n<input type='hidden' name='exclude_category' value='' id='ewd-ufaq-exclude-category' \/>\n<input type='hidden' name='orderby' value='date' id='ewd-ufaq-orderby' \/>\n<input type='hidden' name='order' value='desc' id='ewd-ufaq-order' \/>\n<input type='hidden' name='post_count' value='-1' id='ewd-ufaq-post-count' \/>\n<input type='hidden' name='current_url' value='\/pt-pt\/wp-json\/wp\/v2\/ufaq\/8125' id='ewd-ufaq-current-url' \/>\n\t\n\t\n\t<div class='ewd-ufaq-faqs'>\n\n\t\t<div  class=\"ewd-ufaq-faq-div ewd-ufaq-faq-column-count-one ewd-ufaq-faq-responsive-columns- ewd-ufaq-faq-display-style-default ewd-ufaq-can-be-toggled\" id='ewd-ufaq-post-8125-fbSscpX7ZK' data-post_id='8125'>\n\n\t<div class='ewd-ufaq-faq-title ewd-ufaq-faq-toggle'>\n\t\n\t<a class='ewd-ufaq-post-margin'  href='#'>\n\n\t\t<div class='ewd-ufaq-post-margin-symbol ewd-ufaq-'>\n\t\t\t<span >A<\/span>\n\t\t<\/div>\n\n\t\t<div class='ewd-ufaq-faq-title-text'>\n\n\t\t\t<h4>\n\t\t\t\tSistema de ensino\t\t\t<\/h4>\n\n\t\t<\/div>\n\n\t\t<div class='ewd-ufaq-clear'><\/div>\n\n\t<\/a>\n\t\n<\/div>\n\t\n\t<div class='ewd-ufaq-faq-body ' >\n\n\t\t\n\t\t\t<div class='ewd-ufaq-faq-categories'>\n\t\n\tCategory:\n\t\n\t\tCondiciones de vida en el Algarve\n\t\n<\/div>\n\t\t\n\t\t\t<div class='ewd-ufaq-post-margin ewd-ufaq-faq-post'>\n\t\t\t<div data-elementor-type=\"wp-post\" data-elementor-id=\"8125\" class=\"elementor elementor-8125\">\n\t\t\t\t<div class=\"elementor-element elementor-element-580cbf56 e-flex e-con-boxed wpr-particle-no wpr-jarallax-no wpr-parallax-no wpr-sticky-section-no e-con e-parent\" data-id=\"580cbf56\" data-element_type=\"container\" data-settings=\"{&quot;content_width&quot;:&quot;boxed&quot;}\" data-core-v316-plus=\"true\">\n\t\t\t\t\t<div class=\"e-con-inner\">\n\t\t\t\t<div class=\"elementor-element elementor-element-54fe8a0d elementor-widget elementor-widget-text-editor\" data-id=\"54fe8a0d\" data-element_type=\"widget\" data-widget_type=\"text-editor.default\">\n\t\t\t\t<div class=\"elementor-widget-container\">\n\t\t\t\t\t\t\t<p>\u00a0<\/p><div class=\"ecl\"><p>O Minist\u00e9rio da Educa\u00e7\u00e3o (ensinos b\u00e1sico e secund\u00e1rio) e o Minist\u00e9rio da Ci\u00eancia, Tecnologia e Ensino Superior (ensino superior) s\u00e3o respons\u00e1veis pelo sistema de ensino em Portugal \u2013 com o apoio do Minist\u00e9rio do Trabalho, Solidariedade e Seguran\u00e7a Social, no \u00e2mbito do ensino pr\u00e9-escolar e da forma\u00e7\u00e3o profissional.<\/p><p><strong>Ensino pr\u00e9-escolar<\/strong><\/p><p>A frequ\u00eancia do ensino pr\u00e9-escolar, destinado a crian\u00e7as com idades entre os 3 e os 5 anos, \u00e9 facultativa. \u00c9 ministrado pelos jardins de inf\u00e2ncia, assegurados por uma variedade de organiza\u00e7\u00f5es estatais, por institui\u00e7\u00f5es particulares de solidariedade social, por escolas privadas e cooperativas, por uni\u00f5es e outras organiza\u00e7\u00f5es.<\/p><p><strong>Escolaridade obrigat\u00f3ria<\/strong><\/p><p>A escolaridade obrigat\u00f3ria \u00e9 gratuita e vai at\u00e9 ao 12\u00ba ano de escolaridade ou at\u00e9 o jovem completar 18 anos de idade.<\/p><p>O ensino b\u00e1sico abrange normalmente crian\u00e7as e jovens entre os 6 e os 15 anos e consiste em 3 ciclos consecutivos: o 1\u00ba ciclo (de 4 anos) promove um ensino globalizante, com um \u00fanico professor (apoiado por vezes em \u00e1reas especializadas); o 2\u00ba ciclo (2 anos) e o 3\u00ba ciclo (3 anos) desenvolvem-se num regime de um professor por disciplina ou \u00e1rea pluridisciplinar deensino.<\/p><p>O ensino secund\u00e1rio compreende 3 anos de ensino (10\u00ba, 11\u00ba e 12\u00ba anos de escolaridade) e \u00e9 obrigat\u00f3rio at\u00e9 aos 18 anos de idade. Dirige-se a quem pretenda prosseguir estudos ou integrar o mercado de trabalho. Pode assumir as modalidades de cursos Cient\u00edfico-Human\u00edsticos, Art\u00edsticos Especializados, Tecnol\u00f3gicos, Profissionais, Vocacionais ou ainda cursos com Planos Pr\u00f3prios \u2013 sendo ministrado em escolas secund\u00e1rias e escolas profissionais.<\/p><p>Muitos cursos de forma\u00e7\u00e3o profissional conferem dupla certifica\u00e7\u00e3o escolar e profissional, sendo poss\u00edvel concluir a escolaridade obrigat\u00f3ria por essa via.<\/p><p><strong>Ensino superior<\/strong><\/p><p>O ensino superior em Portugal inclui Universidades e Institutos Polit\u00e9cnicos. Por regra, os anos letivos come\u00e7am em setembro\/outubro.<\/p><p>Os estudantes podem obter os graus acad\u00e9micos de Licenciado(a) (1\u00ba ciclo), Mestre (2\u00ba ciclo) e Doutor(a) (3\u00ba ciclo).<\/p><p>Os cursos de Licenciatura t\u00eam uma dura\u00e7\u00e3o m\u00e9dia de 3 anos (6 semestres), excecionalmente 4 anos (8 semestres), e os cursos de Mestrado, em geral, duram 1,5 a 2 anos (3 a 4 semestres). Existem tamb\u00e9m cursos de Mestrado Integrado, com a dura\u00e7\u00e3o de 5 a 6 anos (10 a 12 semestres), que conferem diretamente o grau de Mestre \u2013 no caso de cursos que habilitam ao exerc\u00edcio de uma determinada profiss\u00e3o regulada (por exemplo, Medicina, Medicina Dent\u00e1ria, Medicina Veterin\u00e1ria, Ci\u00eancias Farmac\u00eauticas, Arquitetura e Urbanismo).<\/p><p>Embora n\u00e3o conferindo grau acad\u00e9mico, existem ainda os cursos de T\u00e9cnicos Superiores Profissionais (TeSP), de curta dura\u00e7\u00e3o, que t\u00eam por regra uma dura\u00e7\u00e3o de 2 anos (4 semestres), sendo ministrados nos Institutos Polit\u00e9cnicos.<\/p><p>A admiss\u00e3o \u00e0s institui\u00e7\u00f5es do ensino superior depende do n\u00famero de vagas dispon\u00edveis e \u00e9 regulada pelo concurso de admiss\u00e3o nacional<em>.<\/em><\/p><p>As candidaturas s\u00e3o submetidas on-line, normalmente entre meados de julho e agosto, atrav\u00e9s de website pr\u00f3prio da Dire\u00e7\u00e3o Geral do Ensino Superior (<a class=\"ecl-link--icon ecl-link--icon-after\" href=\"https:\/\/www.dges.gov.pt\/online\">https:\/\/www.dges.gov.pt\/online<\/a>). Para poderem aceder, os cidad\u00e3os da UE\/EEE\/Su\u00ed\u00e7a devem apresentar uma equival\u00eancia do seu diploma de estudos ao 12\u00ba ano de escolaridade.<\/p><p><strong>Equival\u00eancias \/ Reconhecimento de Habilita\u00e7\u00f5es Acad\u00e9micas<\/strong><\/p><p>Para obter uma compara\u00e7\u00e3o direta, ou equival\u00eancia, entre as suas habilita\u00e7\u00f5es e as que <strong>s\u00e3o<\/strong> reconhecidas em Portugal, deve contactar:<\/p><ul style=\"margin-left: 40px\"><li>A Dire\u00e7\u00e3o de Servi\u00e7os de Desenvolvimento Curricular \u2013 Equipa de Concess\u00e3o de Equival\u00eancias, na Dire\u00e7\u00e3o-Geral da Educa\u00e7\u00e3o (em Lisboa), no caso de se tratar de habilita\u00e7\u00f5es de n\u00edvel b\u00e1sico ou secund\u00e1rio;<\/li><li>O Centro ENIC\/NARIC Portugal, na Dire\u00e7\u00e3o Geral do Ensino Superior, no caso de se tratar de diplomas de n\u00edvel superior.<\/li><\/ul><p>Os pedidos de equival\u00eancia \/ reconhecimento t\u00eam de ser apresentados, respetivamente, em estabelecimento de ensino b\u00e1sico ou secund\u00e1rio dotado de autonomia pedag\u00f3gica, ou ao Conselho Cient\u00edfico de um estabelecimento de ensino superior que ministre cursos cong\u00e9neres, sendo tratados caso a caso.<\/p><p>\u00a0<\/p><p><strong><u>Hiperliga\u00e7\u00f5es:<\/u><\/strong><\/p><div class=\"ecl-table-responsive\"><table class=\"ecl-table\"><tbody class=\"ecl-table__body\"><tr class=\"ecl-table__row\"><td><strong>T\u00edtulo\/nome<\/strong><\/td><td><strong>URL<\/strong><\/td><\/tr><tr class=\"ecl-table__row\"><td>Secretaria-Geral da Educa\u00e7\u00e3o e Ci\u00eancia<\/td><td><a class=\"ecl-link--icon ecl-link--icon-after\" href=\"https:\/\/www.sec-geral.mec.pt\/\">https:\/\/www.sec-geral.mec.pt\/<\/a><\/td><\/tr><tr class=\"ecl-table__row\"><td>Dire\u00e7\u00e3o-Geral da Educa\u00e7\u00e3o (DGE) (equival\u00eancia de habilita\u00e7\u00f5es escolares de n\u00edvel b\u00e1sico ou secund\u00e1rio obtidas no estrangeiro)<\/td><td><a class=\"ecl-link--icon ecl-link--icon-after\" href=\"https:\/\/www.dge.mec.pt\/equivalencias-estrangeiras\">https:\/\/www.dge.mec.pt\/equivalencias-estrangeiras<\/a><\/td><\/tr><tr class=\"ecl-table__row\"><td>Rede de estabelecimentos de ensino superior<\/td><td><a class=\"ecl-link--icon ecl-link--icon-after\" href=\"https:\/\/www.dges.gov.pt\/pt\/pesquisa_cursos_instituicoes\">https:\/\/www.dges.gov.pt\/pt\/pesquisa_cursos_instituicoes<\/a><\/td><\/tr><tr class=\"ecl-table__row\"><td>Candidatura ao ensino superior<\/td><td><a class=\"ecl-link--icon ecl-link--icon-after\" href=\"https:\/\/www.dges.gov.pt\/online\">https:\/\/www.dges.gov.pt\/online<\/a><\/td><\/tr><tr class=\"ecl-table__row\"><td>Centro ENIC\/NARIC Portugal<\/td><td><a class=\"ecl-link--icon ecl-link--icon-after\" href=\"https:\/\/www.dges.gov.pt\/pt\/pagina\/centro-naric\">https:\/\/www.dges.gov.pt\/pt\/pagina\/centro-naric<\/a><\/td><\/tr><tr class=\"ecl-table__row\"><td>Reconhecimento de diplomas e t\u00edtulos acad\u00e9micos obtidos no estrangeiro<\/td><td><a class=\"ecl-link--icon ecl-link--icon-after\" href=\"https:\/\/www.dges.gov.pt\/pt\/pagina\/reconhecimento?plid=374\">https:\/\/www.dges.gov.pt\/pt\/pagina\/reconhecimento?plid=374<\/a><\/td><\/tr><tr class=\"ecl-table__row\"><td>Informa\u00e7\u00e3o para estudantes do ensino superior (incluindo acesso ao ensino superior)<\/td><td><a class=\"ecl-link--icon ecl-link--icon-after\" href=\"https:\/\/www.dges.gov.pt\/pt\/sou_estudante\">https:\/\/www.dges.gov.pt\/pt\/sou_estudante<\/a><\/td><\/tr><tr class=\"ecl-table__row\"><td>Centro Euroguidance Portugal (Dire\u00e7\u00e3o Geral da Educa\u00e7\u00e3o)<\/td><td><a class=\"ecl-link--icon ecl-link--icon-after\" href=\"https:\/\/www.dge.mec.pt\/centro-euroguidance-portugal\/\">https:\/\/www.dge.mec.pt\/centro-euroguidance-portugal\/<\/a><\/td><\/tr><tr class=\"ecl-table__row\"><td>Study &amp; Research in Portugal<\/td><td><a class=\"ecl-link--icon ecl-link--icon-after\" href=\"https:\/\/www.study-research.pt\/\">https:\/\/www.study-research.pt\/<\/a><\/td><\/tr><tr class=\"ecl-table__row\"><td>Portugal Polytechnics<\/td><td><a class=\"ecl-link--icon ecl-link--icon-after\" href=\"https:\/\/portugalpolytechnics.com\/\">https:\/\/portugalpolytechnics.com\/<\/a><\/td><\/tr><tr class=\"ecl-table__row\"><td>Dire\u00e7\u00e3o Geral do Ensino Superior<\/td><td><a class=\"ecl-link--icon ecl-link--icon-after\" href=\"https:\/\/www.dges.gov.pt\/\">https:\/\/www.dges.gov.pt\/<\/a><\/td><\/tr><\/tbody><\/table><\/div><\/div><p>\u00a0<\/p><p>\u00a0<\/p>\t\t\t\t\t\t<\/div>\n\t\t\t\t<\/div>\n\t\t\t\t\t<\/div>\n\t\t\t\t<\/div>\n\t\t\t\t<\/div>\n\t\t<\/div>\n\t\t\n\t\t\t\n\t\t\n\t\t\t\n\t\t\n\t\t\t\n\t\t\n\t\t\t\n\t\t\n\t\t\t\n\t\t\n\t\t\t\n\t\t\n\t\t\t\n\t\t\n\t\t\t\n\t\t\n\t<\/div>\n\n<\/div>\n\t<\/div>\n\n\t\n<\/div>","protected":false},"excerpt":{"rendered":"<p>A Sistema de ensino Category: Condiciones de vida en el Algarve \u00a0O Minist\u00e9rio da Educa\u00e7\u00e3o (ensinos b\u00e1sico e secund\u00e1rio) e o Minist\u00e9rio da Ci\u00eancia, Tecnologia e Ensino Superior (ensino superior) s\u00e3o respons\u00e1veis pelo sistema de ensino em Portugal \u2013 com o apoio do Minist\u00e9rio do Trabalho, Solidariedade e Seguran\u00e7a Social, no \u00e2mbito do ensino pr\u00e9-escolar [&hellip;]<\/p>\n","protected":false},"author":1,"comment_status":"open","ping_status":"closed","template":"","meta":{"om_disable_all_campaigns":false,"inline_featured_image":false,"_monsterinsights_skip_tracking":false,"_monsterinsights_sitenote_active":false,"_monsterinsights_sitenote_note":"","_monsterinsights_sitenote_category":0,"cybocfi_hide_featured_image":"","_links_to":"","_links_to_target":""},"ufaq-category":[141],"ufaq-tag":[],"aioseo_notices":[],"_links":{"self":[{"href":"https:\/\/www.eures-andalucia-algarve.eu\/pt-pt\/wp-json\/wp\/v2\/ufaq\/8125"}],"collection":[{"href":"https:\/\/www.eures-andalucia-algarve.eu\/pt-pt\/wp-json\/wp\/v2\/ufaq"}],"about":[{"href":"https:\/\/www.eures-andalucia-algarve.eu\/pt-pt\/wp-json\/wp\/v2\/types\/ufaq"}],"author":[{"embeddable":true,"href":"https:\/\/www.eures-andalucia-algarve.eu\/pt-pt\/wp-json\/wp\/v2\/users\/1"}],"replies":[{"embeddable":true,"href":"https:\/\/www.eures-andalucia-algarve.eu\/pt-pt\/wp-json\/wp\/v2\/comments?post=8125"}],"version-history":[{"count":7,"href":"https:\/\/www.eures-andalucia-algarve.eu\/pt-pt\/wp-json\/wp\/v2\/ufaq\/8125\/revisions"}],"predecessor-version":[{"id":13012,"href":"https:\/\/www.eures-andalucia-algarve.eu\/pt-pt\/wp-json\/wp\/v2\/ufaq\/8125\/revisions\/13012"}],"wp:attachment":[{"href":"https:\/\/www.eures-andalucia-algarve.eu\/pt-pt\/wp-json\/wp\/v2\/media?parent=8125"}],"wp:term":[{"taxonomy":"ufaq-category","embeddable":true,"href":"https:\/\/www.eures-andalucia-algarve.eu\/pt-pt\/wp-json\/wp\/v2\/ufaq-category?post=8125"},{"taxonomy":"ufaq-tag","embeddable":true,"href":"https:\/\/www.eures-andalucia-algarve.eu\/pt-pt\/wp-json\/wp\/v2\/ufaq-tag?post=8125"}],"curies":[{"name":"wp","href":"https:\/\/api.w.org\/{rel}","templated":true}]}}