{"id":8119,"date":"2023-10-16T10:39:30","date_gmt":"2023-10-16T08:39:30","guid":{"rendered":"https:\/\/www.eures-andalucia-algarve.eu\/?post_type=ufaq&#038;p=8119"},"modified":"2023-11-14T10:49:57","modified_gmt":"2023-11-14T09:49:57","slug":"transportes","status":"publish","type":"ufaq","link":"https:\/\/www.eures-andalucia-algarve.eu\/pt-pt\/ufaq\/transportes\/","title":{"rendered":"Transportes"},"content":{"rendered":"<div  class=\"ewd-ufaq-faq-list ewd-ufaq-page-type-distinct\" id='ewd-ufaq-faq-list'>\n\n\t<input type='hidden' name='show_on_load' value='' id='ewd-ufaq-show-on-load' \/>\n<input type='hidden' name='include_category' value='' id='ewd-ufaq-include-category' \/>\n<input type='hidden' name='exclude_category' value='' id='ewd-ufaq-exclude-category' \/>\n<input type='hidden' name='orderby' value='date' id='ewd-ufaq-orderby' \/>\n<input type='hidden' name='order' value='desc' id='ewd-ufaq-order' \/>\n<input type='hidden' name='post_count' value='-1' id='ewd-ufaq-post-count' \/>\n<input type='hidden' name='current_url' value='\/pt-pt\/wp-json\/wp\/v2\/ufaq\/8119' id='ewd-ufaq-current-url' \/>\n\t\n\t\n\t<div class='ewd-ufaq-faqs'>\n\n\t\t<div  class=\"ewd-ufaq-faq-div ewd-ufaq-faq-column-count-one ewd-ufaq-faq-responsive-columns- ewd-ufaq-faq-display-style-default ewd-ufaq-can-be-toggled\" id='ewd-ufaq-post-8119-8gSFwDaMlX' data-post_id='8119'>\n\n\t<div class='ewd-ufaq-faq-title ewd-ufaq-faq-toggle'>\n\t\n\t<a class='ewd-ufaq-post-margin'  href='#'>\n\n\t\t<div class='ewd-ufaq-post-margin-symbol ewd-ufaq-'>\n\t\t\t<span >A<\/span>\n\t\t<\/div>\n\n\t\t<div class='ewd-ufaq-faq-title-text'>\n\n\t\t\t<h4>\n\t\t\t\tTransportes\t\t\t<\/h4>\n\n\t\t<\/div>\n\n\t\t<div class='ewd-ufaq-clear'><\/div>\n\n\t<\/a>\n\t\n<\/div>\n\t\n\t<div class='ewd-ufaq-faq-body ' >\n\n\t\t\n\t\t\t<div class='ewd-ufaq-faq-categories'>\n\t\n\tCategory:\n\t\n\t\tCondiciones de vida en el Algarve\n\t\n<\/div>\n\t\t\n\t\t\t<div class='ewd-ufaq-post-margin ewd-ufaq-faq-post'>\n\t\t\t<div data-elementor-type=\"wp-post\" data-elementor-id=\"8119\" class=\"elementor elementor-8119\">\n\t\t\t\t<div class=\"elementor-element elementor-element-46671730 e-flex e-con-boxed wpr-particle-no wpr-jarallax-no wpr-parallax-no wpr-sticky-section-no e-con e-parent\" data-id=\"46671730\" data-element_type=\"container\" data-settings=\"{&quot;content_width&quot;:&quot;boxed&quot;}\" data-core-v316-plus=\"true\">\n\t\t\t\t\t<div class=\"e-con-inner\">\n\t\t\t\t<div class=\"elementor-element elementor-element-14731918 elementor-widget elementor-widget-text-editor\" data-id=\"14731918\" data-element_type=\"widget\" data-widget_type=\"text-editor.default\">\n\t\t\t\t<div class=\"elementor-widget-container\">\n\t\t\t\t\t\t\t<div class=\"ecl\"><p>\u00a0<\/p><p>As companhias <strong>a\u00e9reas<\/strong> portuguesas (TAP Air Portugal e SATA) asseguram voos internacionais e dom\u00e9sticos regulares a partir dos principais aeroportos espalhados pelo territ\u00f3rio nacional e localizados em: Lisboa &#8211; aeroporto Humberto Delgado; Porto &#8211; aeroporto Dr. Francisco S\u00e1 Carneiro; Faro &#8211; aeroporto de Faro; Madeira, Funchal \u2013 aeroporto Cristiano Ronaldo; A\u00e7ores, Ponta Delgada &#8211; aeroporto Jo\u00e3o Paulo II.<\/p><p>V\u00e1rias companhias a\u00e9reas \u201clow cost\u201d, de entre as quais a RyanAir, a EasyJet, a Vueling, a Condor, a Tuifly e a Transavia, t\u00eam voos de\/para os aeroportos portugueses.<\/p><p>Os <strong>comboios<\/strong> &#8220;Alfa Pendular&#8221; s\u00e3o a liga\u00e7\u00e3o mais r\u00e1pida entre Lisboa e o Algarve e cidades no Norte do pa\u00eds, como o Porto, Braga ou Guimar\u00e3es, parando em Coimbra e Aveiro. O servi\u00e7o &#8220;InterCidades&#8221; oferece liga\u00e7\u00f5es nos eixos Lisboa-Porto-Braga, Lisboa-Guarda, Lisboa-Covilh\u00e3, Lisboa-Alentejo e Lisboa-Algarve. Uma vasta rede de comboios regionais, inter-regionais e suburbanos assegura a restante cobertura de todo o territ\u00f3rio nacional.<\/p><p>A rede <strong>vi\u00e1ria<\/strong> \u00e9 composta por Auto-Estradas (AE), Itiner\u00e1rios Principais (IP), Itiner\u00e1rios Complementares (IC), Estradas Nacionais (EN) e Estradas Municipais (EM).<br \/>Todas as auto-estradas est\u00e3o assinaladas com s\u00edmbolo pr\u00f3prio e, na maioria dos casos, s\u00e3o pagas.<\/p><p>Servi\u00e7os regulares de <strong>autocarros<\/strong> ligam as cidades, vilas e principais localidades de Portugal.<\/p><p>Existem em quase todas as cidades transportes p\u00fablicos urbanos, operados por empresas p\u00fablicas, privadas ou municipais, que est\u00e3o sujeitas \u00e0s obriga\u00e7\u00f5es de servi\u00e7o p\u00fablico.<\/p><p>Nas cidades de Lisboa, de Almada e do Porto \/ Gaia, a rede de <strong>metro<\/strong> circula entre as 5h006h30 e as 1h00\/2h00.<\/p><p>Hor\u00e1rios e tarif\u00e1rios dispon\u00edveis nos websites de cada um dos operadores. Durante o per\u00edodo da pandemia COVID-19, podem existir altera\u00e7\u00f5es aos hor\u00e1rios de funcionamento \u2013 que ser\u00e3o atualizados nestes websites.<\/p><p>Para al\u00e9m de poder adquirir bilhetes ocasionais (de utiliza\u00e7\u00e3o \u00fanica, di\u00e1ria, por 3 ou 7 dias), para utilizadores regulares dos transportes p\u00fablicos, existem passes sociais, que podem ser carregados (pagos) mensalmente \u2013 por v\u00e1rios meios de pagamento, eletr\u00f3nico ou presencial.<\/p><p>Nas \u00e1reas metropolitanas de Lisboa (Navegante) e Porto (Andante), existem passes intermodais (que permitem a utiliza\u00e7\u00e3o dos diferentes tipos de transporte p\u00fablico), de \u00e2mbito metropolitano (assinatura mensal de \u20ac40\/m\u00eas) ou num \u00e2mbito mais restrito (\u20ac30\/m\u00eas \u2013 municipal em Lisboa, 3 zonas selecionadas no Porto).<\/p><p>Existem condi\u00e7\u00f5es especiais para crian\u00e7as at\u00e9 12 anos (passes gratuitos), para crian\u00e7as e jovens em idade escolar, maiores de 65 anos, reformados e pensionistas , cidad\u00e3os com baixos rendimentos e para fam\u00edlias.<\/p><p>No transporte em <strong>t\u00e1xi<\/strong> nas \u00e1reas urbanas, o pre\u00e7o \u00e9 indicado no tax\u00edmetro (que deve estar vis\u00edvel para o passageiro) e as tarifas est\u00e3o afixadas no interior do autom\u00f3vel. H\u00e1 3 tipos de tarifas aplicadas no territ\u00f3rio nacional continental:<\/p><p style=\"padding-left: 40px\">&#8211; Urbana (tarifa 1; pre\u00e7os diferenciados entre hor\u00e1rio diurno \u2013 das 6:00 \u00e0s 21:00 &#8211; e noturno \u2013 das 21:00 \u00e0s 6:00),<\/p><p style=\"padding-left: 40px\">&#8211; Ao quil\u00f3metro, com regresso em vazio (tarifa 3),<\/p><p style=\"padding-left: 40px\">&#8211; Ao quil\u00f3metro, com regresso ocupado (tarifa 5),<\/p><p style=\"padding-left: 40px\">&#8211; Servi\u00e7o \u00e0 hora (tarifa 6),<\/p><p style=\"padding-left: 40px\">&#8211; A contrato (tarifa C),<\/p><p style=\"padding-left: 40px\">&#8211; A percurso (tarifa P).<\/p><p>Existem suplementos para bagagem e transporte de animais.<\/p><p>Existem ainda, em n\u00famero crescente, alternativas ao transporte tradicional em t\u00e1xi, atrav\u00e9s de aplica\u00e7\u00f5es que podem ser descarregadas para telem\u00f3vel e que permitem a chamada autom\u00e1tica e\/ou o agendamento do servi\u00e7o, a indica\u00e7\u00e3o do trajeto preferido, a monitoriza\u00e7\u00e3o do percurso e dos dados do motorista e o pagamento autom\u00e1tico no final do servi\u00e7o, em seguran\u00e7a.<\/p><p>\u00a0<\/p><p><strong><u>Hiperliga\u00e7\u00f5es:<\/u><\/strong><\/p><div class=\"ecl-table-responsive\"><table class=\"ecl-table\"><tbody class=\"ecl-table__body\"><tr class=\"ecl-table__row\"><td><strong>T\u00edtulo\/nome<\/strong><\/td><td><strong>URL<\/strong><\/td><\/tr><tr class=\"ecl-table__row\"><td>CP &#8211; Caminhos de Ferro Portugueses<\/td><td><a class=\"ecl-link--icon ecl-link--icon-after\" href=\"https:\/\/www.cp.pt\">https:\/\/www.cp.pt<\/a><\/td><\/tr><tr class=\"ecl-table__row\"><td>Rede Nacional de Expressos<\/td><td><a class=\"ecl-link--icon ecl-link--icon-after\" href=\"https:\/\/www.rede-expressos.pt\">https:\/\/www.rede-expressos.pt<\/a><\/td><\/tr><tr class=\"ecl-table__row\"><td>Simulador de percursos em transportes p\u00fablicos em Lisboa<\/td><td><a class=\"ecl-link--icon ecl-link--icon-after\" href=\"https:\/\/www.transporlis.pt\">https:\/\/www.transporlis.pt<\/a><\/td><\/tr><tr class=\"ecl-table__row\"><td>Carris: autocarros e el\u00e9tricos em Lisboa<\/td><td><a class=\"ecl-link--icon ecl-link--icon-after\" href=\"https:\/\/www.carris.pt\">https:\/\/www.carris.pt<\/a><\/td><\/tr><tr class=\"ecl-table__row\"><td>Metro de Lisboa<\/td><td><a class=\"ecl-link--icon ecl-link--icon-after\" href=\"https:\/\/www.metrolisboa.pt\">https:\/\/www.metrolisboa.pt<\/a><\/td><\/tr><tr class=\"ecl-table__row\"><td>TST: Transportes Sul do Tejo<\/td><td><a class=\"ecl-link--icon ecl-link--icon-after\" href=\"https:\/\/www.tsuldotejo.pt\">https:\/\/www.tsuldotejo.pt<\/a><\/td><\/tr><tr class=\"ecl-table__row\"><td>MTS: Metro Transportes do Sul<\/td><td><a class=\"ecl-link--icon ecl-link--icon-after\" href=\"https:\/\/www.mts.pt\">https:\/\/www.mts.pt<\/a><\/td><\/tr><tr class=\"ecl-table__row\"><td>Portal Viva: cart\u00f5es e t\u00edtulos de transporte para a Grande Lisboa<\/td><td><a class=\"ecl-link--icon ecl-link--icon-after\" href=\"https:\/\/www.portalviva.pt\">https:\/\/www.portalviva.pt<\/a><\/td><\/tr><tr class=\"ecl-table__row\"><td>Linha Andante<\/td><td><a class=\"ecl-link--icon ecl-link--icon-after\" href=\"https:\/\/www.linhandante.com\">https:\/\/www.linhandante.com<\/a><\/td><\/tr><tr class=\"ecl-table__row\"><td>Transportes Coletivos do Porto<\/td><td><a class=\"ecl-link--icon ecl-link--icon-after\" href=\"https:\/\/www.stcp.pt\">https:\/\/www.stcp.pt<\/a><\/td><\/tr><tr class=\"ecl-table__row\"><td>Metro do Porto<\/td><td><a class=\"ecl-link--icon ecl-link--icon-after\" href=\"https:\/\/www.metrodoporto.pt\">https:\/\/www.metrodoporto.pt<\/a><\/td><\/tr><tr class=\"ecl-table__row\"><td>Lisboa.Move-me aplica\u00e7\u00e3o m\u00f3vel integrada para transportes em Lisboa<\/td><td><a class=\"ecl-link--icon ecl-link--icon-after\" href=\"https:\/\/lisboa.move-me.mobi\">https:\/\/lisboa.move-me.mobi<\/a><\/td><\/tr><tr class=\"ecl-table__row\"><td>Porto.Move-me aplica\u00e7\u00e3o m\u00f3vel integrada para transportes no Porto<\/td><td><a class=\"ecl-link--icon ecl-link--icon-after\" href=\"https:\/\/www.move-me.mobi\">https:\/\/www.move-me.mobi<\/a><\/td><\/tr><tr class=\"ecl-table__row\"><td>TAP Air Portugal<\/td><td><a class=\"ecl-link--icon ecl-link--icon-after\" href=\"https:\/\/www.flytap.com\/\">https:\/\/www.flytap.com\/<\/a><\/td><\/tr><tr class=\"ecl-table__row\"><td>SATA Azores Airlines<\/td><td><a class=\"ecl-link--icon ecl-link--icon-after\" href=\"https:\/\/www.azoresairlines.pt\/\">https:\/\/www.azoresairlines.pt\/<\/a><\/td><\/tr><tr class=\"ecl-table__row\"><td>Brisa Auto-Estradas de Portugal<\/td><td><a class=\"ecl-link--icon ecl-link--icon-after\" href=\"https:\/\/www.brisa.pt\/\">https:\/\/www.brisa.pt\/<\/a><\/td><\/tr><tr class=\"ecl-table__row\"><td>Auto-Estradas do Atl\u00e2ntico<\/td><td><a class=\"ecl-link--icon ecl-link--icon-after\" href=\"http:\/\/www.aeatlantico.pt\/\">http:\/\/www.aeatlantico.pt\/<\/a><\/td><\/tr><tr class=\"ecl-table__row\"><td>Teletaxis<\/td><td><a class=\"ecl-link--icon ecl-link--icon-after\" href=\"https:\/\/www.teletaxis.pt\">https:\/\/www.teletaxis.pt<\/a><\/td><\/tr><tr class=\"ecl-table__row\"><td>Cooptaxis<\/td><td><a class=\"ecl-link--icon ecl-link--icon-after\" href=\"https:\/\/www.cooptaxis.pt\">https:\/\/www.cooptaxis.pt<\/a><\/td><\/tr><tr class=\"ecl-table__row\"><td>Taxi-Link<\/td><td><a class=\"ecl-link--icon ecl-link--icon-after\" href=\"https:\/\/www.taxisdelisboa.com\">https:\/\/www.taxisdelisboa.com<\/a><\/td><\/tr><tr class=\"ecl-table__row\"><td>R\u00e1dio Taxis de Lisboa<\/td><td><a class=\"ecl-link--icon ecl-link--icon-after\" href=\"https:\/\/www.retalis.pt\">https:\/\/www.retalis.pt<\/a><\/td><\/tr><tr class=\"ecl-table__row\"><td>T\u00e1xis Lisboa<\/td><td><a class=\"ecl-link--icon ecl-link--icon-after\" href=\"https:\/\/www.taxislisboa.com\">https:\/\/www.taxislisboa.com<\/a><\/td><\/tr><tr class=\"ecl-table__row\"><td>T\u00e1xis Porto<\/td><td><a class=\"ecl-link--icon ecl-link--icon-after\" href=\"https:\/\/taxisporto.pt\">https:\/\/taxisporto.pt<\/a><\/td><\/tr><tr class=\"ecl-table__row\"><td>T\u00e1xis Invicta<\/td><td><a class=\"ecl-link--icon ecl-link--icon-after\" href=\"https:\/\/www.taxisinvicta.com\">https:\/\/www.taxisinvicta.com<\/a><\/td><\/tr><tr class=\"ecl-table__row\"><td>T\u00e1xis e Transferes do Porto<\/td><td><a class=\"ecl-link--icon ecl-link--icon-after\" href=\"https:\/\/www.taxis-porto.pt\">https:\/\/www.taxis-porto.pt<\/a><\/td><\/tr><tr class=\"ecl-table__row\"><td>Uber Portugal<\/td><td><a class=\"ecl-link--icon ecl-link--icon-after\" href=\"https:\/\/uberportugal.pt\/\">https:\/\/uberportugal.pt\/<\/a><a class=\"ecl-link--icon ecl-link--icon-after\" href=\"https:\/\/www.uber.com\/pt\/\">https:\/\/www.uber.com\/pt\/<\/a><\/td><\/tr><tr class=\"ecl-table__row\"><td>FreeNow Portugal<\/td><td><a class=\"ecl-link--icon ecl-link--icon-after\" href=\"https:\/\/free-now.com\/pt\">https:\/\/free-now.com\/pt<\/a><\/td><\/tr><tr class=\"ecl-table__row\"><td>Bolt Portugal<\/td><td><a class=\"ecl-link--icon ecl-link--icon-after\" href=\"https:\/\/bolt.eu\/pt-pt\/\">https:\/\/bolt.eu\/pt-pt\/<\/a><\/td><\/tr><tr class=\"ecl-table__row\"><td>Associa\u00e7\u00e3o Nacional dos Transportadores em Autom\u00f3veis Ligeiros<\/td><td><a class=\"ecl-link--icon ecl-link--icon-after\" href=\"https:\/\/www.antral.pt\/\">https:\/\/www.antral.pt\/<\/a><\/td><\/tr><tr class=\"ecl-table__row\"><td>TaxiFare Finder: simulador de tarifas de t\u00e1xi<\/td><td><a class=\"ecl-link--icon ecl-link--icon-after\" href=\"https:\/\/www.taxifarefinder.com\/pt\/\">https:\/\/www.taxifarefinder.com\/pt\/<\/a><\/td><\/tr><\/tbody><\/table><\/div><\/div><p>\u00a0<\/p><p>\u00a0<\/p>\t\t\t\t\t\t<\/div>\n\t\t\t\t<\/div>\n\t\t\t\t\t<\/div>\n\t\t\t\t<\/div>\n\t\t\t\t<\/div>\n\t\t<\/div>\n\t\t\n\t\t\t\n\t\t\n\t\t\t\n\t\t\n\t\t\t\n\t\t\n\t\t\t\n\t\t\n\t\t\t\n\t\t\n\t\t\t\n\t\t\n\t\t\t\n\t\t\n\t\t\t\n\t\t\n\t<\/div>\n\n<\/div>\n\t<\/div>\n\n\t\n<\/div>","protected":false},"excerpt":{"rendered":"<p>A Transportes Category: Condiciones de vida en el Algarve \u00a0As companhias a\u00e9reas portuguesas (TAP Air Portugal e SATA) asseguram voos internacionais e dom\u00e9sticos regulares a partir dos principais aeroportos espalhados pelo territ\u00f3rio nacional e localizados em: Lisboa &#8211; aeroporto Humberto Delgado; Porto &#8211; aeroporto Dr. Francisco S\u00e1 Carneiro; Faro &#8211; aeroporto de Faro; Madeira, Funchal [&hellip;]<\/p>\n","protected":false},"author":1,"comment_status":"open","ping_status":"closed","template":"","meta":{"om_disable_all_campaigns":false,"inline_featured_image":false,"_monsterinsights_skip_tracking":false,"_monsterinsights_sitenote_active":false,"_monsterinsights_sitenote_note":"","_monsterinsights_sitenote_category":0,"cybocfi_hide_featured_image":"","_links_to":"","_links_to_target":""},"ufaq-category":[141],"ufaq-tag":[],"aioseo_notices":[],"_links":{"self":[{"href":"https:\/\/www.eures-andalucia-algarve.eu\/pt-pt\/wp-json\/wp\/v2\/ufaq\/8119"}],"collection":[{"href":"https:\/\/www.eures-andalucia-algarve.eu\/pt-pt\/wp-json\/wp\/v2\/ufaq"}],"about":[{"href":"https:\/\/www.eures-andalucia-algarve.eu\/pt-pt\/wp-json\/wp\/v2\/types\/ufaq"}],"author":[{"embeddable":true,"href":"https:\/\/www.eures-andalucia-algarve.eu\/pt-pt\/wp-json\/wp\/v2\/users\/1"}],"replies":[{"embeddable":true,"href":"https:\/\/www.eures-andalucia-algarve.eu\/pt-pt\/wp-json\/wp\/v2\/comments?post=8119"}],"version-history":[{"count":4,"href":"https:\/\/www.eures-andalucia-algarve.eu\/pt-pt\/wp-json\/wp\/v2\/ufaq\/8119\/revisions"}],"predecessor-version":[{"id":13037,"href":"https:\/\/www.eures-andalucia-algarve.eu\/pt-pt\/wp-json\/wp\/v2\/ufaq\/8119\/revisions\/13037"}],"wp:attachment":[{"href":"https:\/\/www.eures-andalucia-algarve.eu\/pt-pt\/wp-json\/wp\/v2\/media?parent=8119"}],"wp:term":[{"taxonomy":"ufaq-category","embeddable":true,"href":"https:\/\/www.eures-andalucia-algarve.eu\/pt-pt\/wp-json\/wp\/v2\/ufaq-category?post=8119"},{"taxonomy":"ufaq-tag","embeddable":true,"href":"https:\/\/www.eures-andalucia-algarve.eu\/pt-pt\/wp-json\/wp\/v2\/ufaq-tag?post=8119"}],"curies":[{"name":"wp","href":"https:\/\/api.w.org\/{rel}","templated":true}]}}