{"id":14676,"date":"2023-10-18T11:44:28","date_gmt":"2023-10-18T09:44:28","guid":{"rendered":"https:\/\/www.eures-andalucia-algarve.eu\/ufaq\/informacoes-para-os-candidatos\/"},"modified":"2023-11-22T09:15:22","modified_gmt":"2023-11-22T08:15:22","slug":"informacoes-para-os-candidatos","status":"publish","type":"ufaq","link":"https:\/\/www.eures-andalucia-algarve.eu\/pt-pt\/ufaq\/informacoes-para-os-candidatos\/","title":{"rendered":"Informa\u00e7\u00f5es para os candidatos"},"content":{"rendered":"<div  class=\"ewd-ufaq-faq-list ewd-ufaq-page-type-distinct\" id='ewd-ufaq-faq-list'>\n\n\t<input type='hidden' name='show_on_load' value='' id='ewd-ufaq-show-on-load' \/>\n<input type='hidden' name='include_category' value='' id='ewd-ufaq-include-category' \/>\n<input type='hidden' name='exclude_category' value='' id='ewd-ufaq-exclude-category' \/>\n<input type='hidden' name='orderby' value='date' id='ewd-ufaq-orderby' \/>\n<input type='hidden' name='order' value='desc' id='ewd-ufaq-order' \/>\n<input type='hidden' name='post_count' value='-1' id='ewd-ufaq-post-count' \/>\n<input type='hidden' name='current_url' value='\/pt-pt\/wp-json\/wp\/v2\/ufaq\/14676' id='ewd-ufaq-current-url' \/>\n\t\n\t\n\t<div class='ewd-ufaq-faqs'>\n\n\t\t<div  class=\"ewd-ufaq-faq-div ewd-ufaq-faq-column-count-one ewd-ufaq-faq-responsive-columns- ewd-ufaq-faq-display-style-default ewd-ufaq-can-be-toggled\" id='ewd-ufaq-post-14676-viKYLsHJuA' data-post_id='14676'>\n\n\t<div class='ewd-ufaq-faq-title ewd-ufaq-faq-toggle'>\n\t\n\t<a class='ewd-ufaq-post-margin'  href='#'>\n\n\t\t<div class='ewd-ufaq-post-margin-symbol ewd-ufaq-'>\n\t\t\t<span >A<\/span>\n\t\t<\/div>\n\n\t\t<div class='ewd-ufaq-faq-title-text'>\n\n\t\t\t<h4>\n\t\t\t\tInforma\u00e7\u00f5es para os candidatos\t\t\t<\/h4>\n\n\t\t<\/div>\n\n\t\t<div class='ewd-ufaq-clear'><\/div>\n\n\t<\/a>\n\t\n<\/div>\n\t\n\t<div class='ewd-ufaq-faq-body ' >\n\n\t\t\n\t\t\t<div class='ewd-ufaq-faq-categories'>\n\t\n\tCategories:\n\t\n\t\tHacer pr\u00e1cticas\/formaci\u00f3n en el Algarve, \n\t\n\t\tPr\u00e1cticas en el Algarve\n\t\n<\/div>\n\t\t\n\t\t\t<div class='ewd-ufaq-post-margin ewd-ufaq-faq-post'>\n\t\t\t<div data-elementor-type=\"wp-post\" data-elementor-id=\"14676\" class=\"elementor elementor-14676 elementor-8739\">\n\t\t\t\t<div class=\"elementor-element elementor-element-4a5d92c0 e-flex e-con-boxed wpr-particle-no wpr-jarallax-no wpr-parallax-no wpr-sticky-section-no e-con e-parent\" data-id=\"4a5d92c0\" data-element_type=\"container\" data-settings=\"{&quot;content_width&quot;:&quot;boxed&quot;}\" data-core-v316-plus=\"true\">\n\t\t\t\t\t<div class=\"e-con-inner\">\n\t\t\t\t<div class=\"elementor-element elementor-element-75fb2e37 elementor-widget elementor-widget-text-editor\" data-id=\"75fb2e37\" data-element_type=\"widget\" data-widget_type=\"text-editor.default\">\n\t\t\t\t<div class=\"elementor-widget-container\">\n\t\t\t\t\t\t\t<div id=\"paragraph-1550-2-content\" class=\"ecl-accordion__content\" role=\"region\" aria-labelledby=\"paragraph-1550-2-title\">\n<div class=\"ecl\">\n<div id=\"paragraph-1550-1-content\" class=\"ecl-accordion__content\" role=\"region\" aria-labelledby=\"paragraph-1550-1-title\">\n<div class=\"ecl\">\n<div id=\"paragraph-1550-0-content\" class=\"ecl-accordion__content\" role=\"region\" aria-labelledby=\"paragraph-1550-0-title\">\n<div class=\"ecl\">\n<div id=\"paragraph-1535-3-content\" class=\"ecl-accordion__content\" role=\"region\" aria-labelledby=\"paragraph-1535-3-title\">\n<div class=\"ecl\">\n<div id=\"paragraph-1535-2-content\" class=\"ecl-accordion__content\" role=\"region\" aria-labelledby=\"paragraph-1535-2-title\">\n<div class=\"ecl\">\n<p><strong style=\"font-size: 19px\">Onde posso encontrar oportunidades de est\u00e1gio?<\/strong><\/p>\n<p>No que respeita \u00e0s oportunidades no \u00e2mbito dos programas financiados, pode encontrar mais informa\u00e7\u00e3o sobre oportunidades, quando os per\u00edodos de candidatura estejam abertos, em:<\/p>\n<ul style=\"margin-left: 40px\">\n<li><strong>Est\u00e1gios ATIVAR<\/strong>: <a class=\"ecl-link--icon ecl-link--icon-after\" href=\"https:\/\/iefponline.iefp.pt\/\">https:\/\/iefponline.iefp.pt\/<\/a> (selecionar Ofertas de est\u00e1gio; e\u2026 para se candidatar, tem de estar inscrito como candidato no IEFP)<\/li>\n<li><strong>INOV Contacto<\/strong>: <a class=\"ecl-link--icon ecl-link--icon-after\" href=\"http:\/\/www.inovcontacto.pt\">www.inovcontacto.pt<\/a> (as oportunidades apenas s\u00e3o disponibilizadas mediante candidatura ao programa)<\/li>\n<li><strong>PEJENE<\/strong>: <a class=\"ecl-link--icon ecl-link--icon-after\" href=\"https:\/\/ms.fjuventude.pt\/pejene2022\/candidaturas-jovens-escolha.php?estagiariotemp=11795\">https:\/\/ms.fjuventude.pt\/pejene2022\/candidaturas-jovens-escolha.php?estagiariotemp=11795<\/a><\/li>\n<li><strong>Est\u00e1gios da Administra\u00e7\u00e3o P\u00fablica<\/strong>: <a class=\"ecl-link--icon ecl-link--icon-after\" href=\"http:\/\/www.bep.gov.pt\/Pages\/Estagios\/EstagiAPXXI\/\">www.bep.gov.pt\/Pages\/Estagios\/EstagiAPXXI\/<\/a><\/li>\n<\/ul>\n<p>Quanto a outras oportunidades de est\u00e1gio (incluindo programas de \u201ctrainees\u201d de algumas empresas), existem v\u00e1rias bolsas de emprego que disp\u00f5em de uma op\u00e7\u00e3o de pesquisa caracterizada de est\u00e1gios profissionais.<\/p>\n<p>Para al\u00e9m das j\u00e1 listadas na sec\u00e7\u00e3o <strong><em>Como procurar emprego<\/em><\/strong>, sugerimos a consulta de <a class=\"ecl-link--icon ecl-link--icon-after\" href=\"http:\/\/www.estagiar.pt\">www.estagiar.pt<\/a>.<\/p>\n<\/p>\n<p><strong style=\"font-size: 19px\">Financiamento e apoio<\/strong><\/p>\n<p>Todos os programas com financiamento p\u00fablico prev\u00eaem apoios financeiros, que s\u00e3o em alguns casos vari\u00e1veis consoante a dura\u00e7\u00e3o e o formato do programa e o n\u00edvel de qualifica\u00e7\u00e3o do estagi\u00e1rio. Pode encontrar mais informa\u00e7\u00e3o aqui:<\/p>\n<ul style=\"margin-left: 40px\">\n<li><strong>Est\u00e1gios ATIVAR<\/strong>: <a class=\"ecl-link--icon ecl-link--icon-after\" href=\"http:\/\/www.iefp.pt\/estagios\">www.iefp.pt\/estagios<\/a> &#8211; selecionar Apoios aos Estagi\u00e1rios;<\/li>\n<li><strong>INOV Contacto<\/strong>: <a class=\"ecl-link--icon ecl-link--icon-after\" href=\"https:\/\/www.inovcontacto.pt\/sou-candidato#scEstagio\">https:\/\/www.inovcontacto.pt\/sou-candidato#scEstagio<\/a> \u2013 ver Remunera\u00e7\u00e3o e outros Benef\u00edcios;<\/li>\n<li><strong>PEJENE<\/strong>: <a class=\"ecl-link--icon ecl-link--icon-after\" href=\"https:\/\/www.fjuventude.pt\/pt\/pejene-estudantes\">https:\/\/www.fjuventude.pt\/pt\/pejene-estudantes<\/a> &#8211; sendo est\u00e1gios de curta dura\u00e7\u00e3o (2-3 meses), as entidades de acolhimento n\u00e3o s\u00e3o obrigadas a pagar bolsa de est\u00e1gio (embora algumas o fa\u00e7am); contudo, \u00e9 devido o pagamento de subs\u00eddios de refei\u00e7\u00e3o e de transporte, por parte das empresas;<\/li>\n<li><strong>Est\u00e1gios da Administra\u00e7\u00e3o P\u00fablica<\/strong>: <a class=\"ecl-link--icon ecl-link--icon-after\" href=\"http:\/\/www.bep.gov.pt\/Pages\/Estagios\/EstagiAPXXI\/\">www.bep.gov.pt\/Pages\/Estagios\/EstagiAPXXI\/<\/a> &#8211; bolsa de est\u00e1gio mensal de \u20ac1.007,49 (sobre a qual incidem descontos para Seguran\u00e7a Social e IRS) e subs\u00eddio de refei\u00e7\u00e3o.<\/li>\n<\/ul>\n<p>Relativamente a outros programas de est\u00e1gios \/ \u201ctrainees\u201d e\/ou oportunidades de est\u00e1gio, os montantes pagos (pelas entidades promotoras) devem respeitar o estabelecido no quadro legal geral para os est\u00e1gios profissionais.<\/p>\n<p>S\u00e3o sempre devidos pelo menos subs\u00eddio de refei\u00e7\u00e3o (ou refei\u00e7\u00e3o em esp\u00e9cie) e seguro de acidentes de trabalho \u2013 sendo que, apenas no caso de est\u00e1gios com dura\u00e7\u00e3o inferior a 3 meses, poder\u00e1 n\u00e3o haver lugar ao pagamento de bolsa de est\u00e1gio. Nos restantes casos, est\u00e1gios com dura\u00e7\u00e3o de 3 a 12 \/ 18 meses, a bolsa de est\u00e1gio ser\u00e1 no m\u00ednimo de montante correspondente ao valor do Indexante dos Apoios Sociais em vigor (de \u20ac443,20\/m\u00eas em 2022).<\/p>\n<\/p>\n<\/div>\n<\/div>\n<\/div>\n<\/div>\n<\/div>\n<\/div>\n<\/div>\n<\/div>\n<\/div>\n<\/div>\n\t\t\t\t\t\t<\/div>\n\t\t\t\t<\/div>\n\t\t\t\t\t<\/div>\n\t\t\t\t<\/div>\n\t\t\t\t<\/div>\n\t\t<\/div>\n\t\t\n\t\t\t\n\t\t\n\t\t\t\n\t\t\n\t\t\t\n\t\t\n\t\t\t\n\t\t\n\t\t\t\n\t\t\n\t\t\t\n\t\t\n\t\t\t\n\t\t\n\t\t\t\n\t\t\n\t<\/div>\n\n<\/div>\n\t<\/div>\n\n\t\n<\/div>","protected":false},"excerpt":{"rendered":"<p>A Informa\u00e7\u00f5es para os candidatos Categories: Hacer pr\u00e1cticas\/formaci\u00f3n en el Algarve, Pr\u00e1cticas en el Algarve Onde posso encontrar oportunidades de est\u00e1gio? No que respeita \u00e0s oportunidades no \u00e2mbito dos programas financiados, pode encontrar mais informa\u00e7\u00e3o sobre oportunidades, quando os per\u00edodos de candidatura estejam abertos, em: Est\u00e1gios ATIVAR: https:\/\/iefponline.iefp.pt\/ (selecionar Ofertas de est\u00e1gio; e\u2026 para se [&hellip;]<\/p>\n","protected":false},"author":1,"comment_status":"open","ping_status":"closed","template":"","meta":{"om_disable_all_campaigns":false,"inline_featured_image":false,"_monsterinsights_skip_tracking":false,"_monsterinsights_sitenote_active":false,"_monsterinsights_sitenote_note":"","_monsterinsights_sitenote_category":0,"cybocfi_hide_featured_image":"","_links_to":"","_links_to_target":""},"ufaq-category":[147,148],"ufaq-tag":[],"aioseo_notices":[],"_links":{"self":[{"href":"https:\/\/www.eures-andalucia-algarve.eu\/pt-pt\/wp-json\/wp\/v2\/ufaq\/14676"}],"collection":[{"href":"https:\/\/www.eures-andalucia-algarve.eu\/pt-pt\/wp-json\/wp\/v2\/ufaq"}],"about":[{"href":"https:\/\/www.eures-andalucia-algarve.eu\/pt-pt\/wp-json\/wp\/v2\/types\/ufaq"}],"author":[{"embeddable":true,"href":"https:\/\/www.eures-andalucia-algarve.eu\/pt-pt\/wp-json\/wp\/v2\/users\/1"}],"replies":[{"embeddable":true,"href":"https:\/\/www.eures-andalucia-algarve.eu\/pt-pt\/wp-json\/wp\/v2\/comments?post=14676"}],"version-history":[{"count":1,"href":"https:\/\/www.eures-andalucia-algarve.eu\/pt-pt\/wp-json\/wp\/v2\/ufaq\/14676\/revisions"}],"predecessor-version":[{"id":14677,"href":"https:\/\/www.eures-andalucia-algarve.eu\/pt-pt\/wp-json\/wp\/v2\/ufaq\/14676\/revisions\/14677"}],"wp:attachment":[{"href":"https:\/\/www.eures-andalucia-algarve.eu\/pt-pt\/wp-json\/wp\/v2\/media?parent=14676"}],"wp:term":[{"taxonomy":"ufaq-category","embeddable":true,"href":"https:\/\/www.eures-andalucia-algarve.eu\/pt-pt\/wp-json\/wp\/v2\/ufaq-category?post=14676"},{"taxonomy":"ufaq-tag","embeddable":true,"href":"https:\/\/www.eures-andalucia-algarve.eu\/pt-pt\/wp-json\/wp\/v2\/ufaq-tag?post=14676"}],"curies":[{"name":"wp","href":"https:\/\/api.w.org\/{rel}","templated":true}]}}