{"id":14674,"date":"2023-10-18T11:45:46","date_gmt":"2023-10-18T09:45:46","guid":{"rendered":"https:\/\/www.eures-andalucia-algarve.eu\/ufaq\/informacoes-sobre-o-quadro-nacional-de-qualidade\/"},"modified":"2023-11-22T09:14:35","modified_gmt":"2023-11-22T08:14:35","slug":"informacoes-sobre-o-quadro-nacional-de-qualidade","status":"publish","type":"ufaq","link":"https:\/\/www.eures-andalucia-algarve.eu\/pt-pt\/ufaq\/informacoes-sobre-o-quadro-nacional-de-qualidade\/","title":{"rendered":"Informa\u00e7\u00f5es sobre o quadro nacional de qualidade"},"content":{"rendered":"<div  class=\"ewd-ufaq-faq-list ewd-ufaq-page-type-distinct\" id='ewd-ufaq-faq-list'>\n\n\t<input type='hidden' name='show_on_load' value='' id='ewd-ufaq-show-on-load' \/>\n<input type='hidden' name='include_category' value='' id='ewd-ufaq-include-category' \/>\n<input type='hidden' name='exclude_category' value='' id='ewd-ufaq-exclude-category' \/>\n<input type='hidden' name='orderby' value='date' id='ewd-ufaq-orderby' \/>\n<input type='hidden' name='order' value='desc' id='ewd-ufaq-order' \/>\n<input type='hidden' name='post_count' value='-1' id='ewd-ufaq-post-count' \/>\n<input type='hidden' name='current_url' value='\/pt-pt\/wp-json\/wp\/v2\/ufaq\/14674' id='ewd-ufaq-current-url' \/>\n\t\n\t\n\t<div class='ewd-ufaq-faqs'>\n\n\t\t<div  class=\"ewd-ufaq-faq-div ewd-ufaq-faq-column-count-one ewd-ufaq-faq-responsive-columns- ewd-ufaq-faq-display-style-default ewd-ufaq-can-be-toggled\" id='ewd-ufaq-post-14674-StIpWvcAGy' data-post_id='14674'>\n\n\t<div class='ewd-ufaq-faq-title ewd-ufaq-faq-toggle'>\n\t\n\t<a class='ewd-ufaq-post-margin'  href='#'>\n\n\t\t<div class='ewd-ufaq-post-margin-symbol ewd-ufaq-'>\n\t\t\t<span >A<\/span>\n\t\t<\/div>\n\n\t\t<div class='ewd-ufaq-faq-title-text'>\n\n\t\t\t<h4>\n\t\t\t\tInforma\u00e7\u00f5es sobre o quadro nacional de qualidade\t\t\t<\/h4>\n\n\t\t<\/div>\n\n\t\t<div class='ewd-ufaq-clear'><\/div>\n\n\t<\/a>\n\t\n<\/div>\n\t\n\t<div class='ewd-ufaq-faq-body ' >\n\n\t\t\n\t\t\t<div class='ewd-ufaq-faq-categories'>\n\t\n\tCategories:\n\t\n\t\tHacer pr\u00e1cticas\/formaci\u00f3n en el Algarve, \n\t\n\t\tPr\u00e1cticas en el Algarve\n\t\n<\/div>\n\t\t\n\t\t\t<div class='ewd-ufaq-post-margin ewd-ufaq-faq-post'>\n\t\t\t<div data-elementor-type=\"wp-post\" data-elementor-id=\"14674\" class=\"elementor elementor-14674 elementor-8741\">\n\t\t\t\t<div class=\"elementor-element elementor-element-142040cc e-flex e-con-boxed wpr-particle-no wpr-jarallax-no wpr-parallax-no wpr-sticky-section-no e-con e-parent\" data-id=\"142040cc\" data-element_type=\"container\" data-settings=\"{&quot;content_width&quot;:&quot;boxed&quot;}\" data-core-v316-plus=\"true\">\n\t\t\t\t\t<div class=\"e-con-inner\">\n\t\t\t\t<div class=\"elementor-element elementor-element-12a3a50b elementor-widget elementor-widget-text-editor\" data-id=\"12a3a50b\" data-element_type=\"widget\" data-widget_type=\"text-editor.default\">\n\t\t\t\t<div class=\"elementor-widget-container\">\n\t\t\t\t\t\t\t<div class=\"ecl\">\n<p><strong style=\"font-size: 19px\">Execu\u00e7\u00e3o<\/strong><\/p>\n<p>O quadro legal existente em Portugal para os est\u00e1gios profissionais, publicado em 2011, est\u00e1 em conformidade com a maior parte das orienta\u00e7\u00f5es do Quadro de Qualidade para os Est\u00e1gios, regulando aspetos como:<\/p>\n<ul style=\"margin-left: 40px\">\n<li>A dura\u00e7\u00e3o;<\/li>\n<li>A obrigatoriedade do contrato de est\u00e1gio;<\/li>\n<li>O hor\u00e1rio; dias de descanso, faltas e feriados;<\/li>\n<li>Seguran\u00e7a e sa\u00fade no trabalho;<\/li>\n<li>Supervis\u00e3o \/ orienta\u00e7\u00e3o;<\/li>\n<li>Subs\u00eddio de est\u00e1gio;<\/li>\n<li>Subs\u00eddio de refei\u00e7\u00e3o;<\/li>\n<li>Seguro de acidentes de trabalho;<\/li>\n<li>Seguran\u00e7a social;<\/li>\n<li>Condi\u00e7\u00f5es de suspens\u00e3o ou rescis\u00e3o do contrato;<\/li>\n<\/ul>\n<p>Conferindo deste modo clareza \u00e0s condi\u00e7\u00f5es em que as empresas podem recorrer \u00e0 figura do <strong>est\u00e1gio profissional<\/strong>.<\/p>\n<p>Excetuam-se as recomenda\u00e7\u00f5es:<\/p>\n<ul style=\"margin-left: 40px\">\n<li>Da dura\u00e7\u00e3o m\u00e1xima do est\u00e1gio (em Portugal, de 12 meses \u2013 podendo ir at\u00e9 18 meses, no caso de est\u00e1gios cuja conclus\u00e3o condicione o acesso ao exerc\u00edcio de uma determinada profiss\u00e3o, normalmente regulada; no Quadro de Qualidade, a recomenda\u00e7\u00e3o seria para um limite de 6 meses) e<\/li>\n<li>Do limiar m\u00ednimo do subs\u00eddio de est\u00e1gio (que, em Portugal, corresponde ao Indexante dos Apoios Sociais, de \u20ac443,20 em 2022 \u2013 atualmente inferior ao sal\u00e1rio m\u00ednimo nacional \u2013 de \u20ac705\/m\u00eas &#8211; e ao montante definido como limiar de pobreza para Portugal \u2013 de \u20ac554,40\/m\u00eas, em 2020),<\/li>\n<\/ul>\n<p>Que s\u00e3o contudo justificadas pelas especificidades do mercado de trabalho portugu\u00eas.<\/p>\n<p>Os programas de est\u00e1gios profissionais com financiamento p\u00fablico, embora tenham os seus quadros legais espec\u00edficos, est\u00e3o em linha com as regras definidas por este quadro legal mais abrangente.<\/p>\n<p><strong>Mais informa\u00e7\u00e3o<\/strong> sobre est\u00e1gios em Portugal: <a class=\"ecl-link--icon ecl-link--icon-after\" href=\"https:\/\/eportugal.gov.pt\/pt\/cidadaos-europeus-viajar-viver-e-fazer-negocios-em-portugal\/educacao-estagios-e-voluntariado-em-portugal\/estagios-em-portugal\">https:\/\/eportugal.gov.pt\/pt\/cidadaos-europeus-viajar-viver-e-fazer-nego\u2026<\/a><\/p>\n<\/p>\n<p><strong style=\"font-size: 19px\">Condi\u00e7\u00f5es de vida e de trabalho<\/strong><\/p>\n<p>O quadro legal geral dos est\u00e1gios profissionais garante um conjunto de condi\u00e7\u00f5es m\u00ednimas de trabalho:<\/p>\n<ul style=\"margin-left: 40px\">\n<li><em>Hor\u00e1rio<\/em> di\u00e1rio e semanal; <em>descansos, faltas e feriados<\/em>; e <em>seguran\u00e7a e sa\u00fade no trabalho<\/em>: semelhantes, no caso dos estagi\u00e1rios, ao regime aplicado \u00e0 generalidade dos trabalhadores ao servi\u00e7o da entidade promotora;<\/li>\n<li>Pagamento de <em>subs\u00eddio de est\u00e1gio<\/em>: nunca inferior ao valor do Indexante dos Apoios Sociais (em 2022, de \u20ac443,20 por m\u00eas); este pagamento pode ser dispensado <u>apenas<\/u> no caso de est\u00e1gios de muito curta dura\u00e7\u00e3o (inferior a 3 meses);<\/li>\n<li>Pagamento de <em>subs\u00eddio<\/em><em>de refei\u00e7\u00e3o<\/em> (ou refei\u00e7\u00e3o fornecida pela entidade), de acordo com a pr\u00e1tica para os restantes trabalhadores da entidade promotora;<\/li>\n<li><em>Seguro de acidentes pessoais<\/em>: contratado em benef\u00edcio do estagi\u00e1rio, deve cobrir riscos de eventualidades direta ou indiretamente relacionadas com as atividades no decurso do est\u00e1gio e no trajeto entre a resid\u00eancia e o local de est\u00e1gio;<\/li>\n<li><em>Contribui\u00e7\u00f5es para a seguran\u00e7a social<\/em>: s\u00e3o devidas (reten\u00e7\u00e3o na fonte pela entidade promotora), em condi\u00e7\u00f5es similares \u00e0s dos contratos de trabalho \u2013 dando igualmente direito \u00e0 cobertura dos mesmos riscos sociais que os restantes trabalhadores contribuintes.<\/li>\n<\/ul>\n<p><strong>Mais informa\u00e7\u00e3o<\/strong> sobre est\u00e1gios em Portugal: <a class=\"ecl-link--icon ecl-link--icon-after\" href=\"https:\/\/eportugal.gov.pt\/pt\/cidadaos-europeus-viajar-viver-e-fazer-negocios-em-portugal\/educacao-estagios-e-voluntariado-em-portugal\/estagios-em-portugal\">https:\/\/eportugal.gov.pt\/pt\/cidadaos-europeus-viajar-viver-e-fazer-nego\u2026<\/a><\/p>\n<\/div><\/p>\n\t\t\t\t\t\t<\/div>\n\t\t\t\t<\/div>\n\t\t\t\t\t<\/div>\n\t\t\t\t<\/div>\n\t\t\t\t<\/div>\n\t\t<\/div>\n\t\t\n\t\t\t\n\t\t\n\t\t\t\n\t\t\n\t\t\t\n\t\t\n\t\t\t\n\t\t\n\t\t\t\n\t\t\n\t\t\t\n\t\t\n\t\t\t\n\t\t\n\t\t\t\n\t\t\n\t<\/div>\n\n<\/div>\n\t<\/div>\n\n\t\n<\/div>","protected":false},"excerpt":{"rendered":"<p>A Informa\u00e7\u00f5es sobre o quadro nacional de qualidade Categories: Hacer pr\u00e1cticas\/formaci\u00f3n en el Algarve, Pr\u00e1cticas en el Algarve Execu\u00e7\u00e3o O quadro legal existente em Portugal para os est\u00e1gios profissionais, publicado em 2011, est\u00e1 em conformidade com a maior parte das orienta\u00e7\u00f5es do Quadro de Qualidade para os Est\u00e1gios, regulando aspetos como: A dura\u00e7\u00e3o; A obrigatoriedade [&hellip;]<\/p>\n","protected":false},"author":1,"comment_status":"open","ping_status":"closed","template":"","meta":{"om_disable_all_campaigns":false,"inline_featured_image":false,"_monsterinsights_skip_tracking":false,"_monsterinsights_sitenote_active":false,"_monsterinsights_sitenote_note":"","_monsterinsights_sitenote_category":0,"cybocfi_hide_featured_image":"","_links_to":"","_links_to_target":""},"ufaq-category":[147,148],"ufaq-tag":[],"aioseo_notices":[],"_links":{"self":[{"href":"https:\/\/www.eures-andalucia-algarve.eu\/pt-pt\/wp-json\/wp\/v2\/ufaq\/14674"}],"collection":[{"href":"https:\/\/www.eures-andalucia-algarve.eu\/pt-pt\/wp-json\/wp\/v2\/ufaq"}],"about":[{"href":"https:\/\/www.eures-andalucia-algarve.eu\/pt-pt\/wp-json\/wp\/v2\/types\/ufaq"}],"author":[{"embeddable":true,"href":"https:\/\/www.eures-andalucia-algarve.eu\/pt-pt\/wp-json\/wp\/v2\/users\/1"}],"replies":[{"embeddable":true,"href":"https:\/\/www.eures-andalucia-algarve.eu\/pt-pt\/wp-json\/wp\/v2\/comments?post=14674"}],"version-history":[{"count":1,"href":"https:\/\/www.eures-andalucia-algarve.eu\/pt-pt\/wp-json\/wp\/v2\/ufaq\/14674\/revisions"}],"predecessor-version":[{"id":14675,"href":"https:\/\/www.eures-andalucia-algarve.eu\/pt-pt\/wp-json\/wp\/v2\/ufaq\/14674\/revisions\/14675"}],"wp:attachment":[{"href":"https:\/\/www.eures-andalucia-algarve.eu\/pt-pt\/wp-json\/wp\/v2\/media?parent=14674"}],"wp:term":[{"taxonomy":"ufaq-category","embeddable":true,"href":"https:\/\/www.eures-andalucia-algarve.eu\/pt-pt\/wp-json\/wp\/v2\/ufaq-category?post=14674"},{"taxonomy":"ufaq-tag","embeddable":true,"href":"https:\/\/www.eures-andalucia-algarve.eu\/pt-pt\/wp-json\/wp\/v2\/ufaq-tag?post=14674"}],"curies":[{"name":"wp","href":"https:\/\/api.w.org\/{rel}","templated":true}]}}