{"id":14611,"date":"2023-10-18T11:21:57","date_gmt":"2023-10-18T09:21:57","guid":{"rendered":"https:\/\/www.eures-andalucia-algarve.eu\/ufaq\/como-candidatar-se\/"},"modified":"2023-11-21T17:51:18","modified_gmt":"2023-11-21T16:51:18","slug":"como-candidatar-se","status":"publish","type":"ufaq","link":"https:\/\/www.eures-andalucia-algarve.eu\/pt-pt\/ufaq\/como-candidatar-se\/","title":{"rendered":"Como candidatar-se"},"content":{"rendered":"<div  class=\"ewd-ufaq-faq-list ewd-ufaq-page-type-distinct\" id='ewd-ufaq-faq-list'>\n\n\t<input type='hidden' name='show_on_load' value='' id='ewd-ufaq-show-on-load' \/>\n<input type='hidden' name='include_category' value='' id='ewd-ufaq-include-category' \/>\n<input type='hidden' name='exclude_category' value='' id='ewd-ufaq-exclude-category' \/>\n<input type='hidden' name='orderby' value='date' id='ewd-ufaq-orderby' \/>\n<input type='hidden' name='order' value='desc' id='ewd-ufaq-order' \/>\n<input type='hidden' name='post_count' value='-1' id='ewd-ufaq-post-count' \/>\n<input type='hidden' name='current_url' value='\/pt-pt\/wp-json\/wp\/v2\/ufaq\/14611' id='ewd-ufaq-current-url' \/>\n\t\n\t\n\t<div class='ewd-ufaq-faqs'>\n\n\t\t<div  class=\"ewd-ufaq-faq-div ewd-ufaq-faq-column-count-one ewd-ufaq-faq-responsive-columns- ewd-ufaq-faq-display-style-default ewd-ufaq-can-be-toggled\" id='ewd-ufaq-post-14611-73pLcKw09D' data-post_id='14611'>\n\n\t<div class='ewd-ufaq-faq-title ewd-ufaq-faq-toggle'>\n\t\n\t<a class='ewd-ufaq-post-margin'  href='#'>\n\n\t\t<div class='ewd-ufaq-post-margin-symbol ewd-ufaq-'>\n\t\t\t<span >A<\/span>\n\t\t<\/div>\n\n\t\t<div class='ewd-ufaq-faq-title-text'>\n\n\t\t\t<h4>\n\t\t\t\tComo candidatar-se\t\t\t<\/h4>\n\n\t\t<\/div>\n\n\t\t<div class='ewd-ufaq-clear'><\/div>\n\n\t<\/a>\n\t\n<\/div>\n\t\n\t<div class='ewd-ufaq-faq-body ' >\n\n\t\t\n\t\t\t<div class='ewd-ufaq-faq-categories'>\n\t\n\tCategory:\n\t\n\t\tBusco trabajo en el Algarve\n\t\n<\/div>\n\t\t\n\t\t\t<div class='ewd-ufaq-post-margin ewd-ufaq-faq-post'>\n\t\t\t<div data-elementor-type=\"wp-post\" data-elementor-id=\"14611\" class=\"elementor elementor-14611 elementor-8722\">\n\t\t\t\t<div class=\"elementor-element elementor-element-464b3cb6 e-flex e-con-boxed wpr-particle-no wpr-jarallax-no wpr-parallax-no wpr-sticky-section-no e-con e-parent\" data-id=\"464b3cb6\" data-element_type=\"container\" data-settings=\"{&quot;content_width&quot;:&quot;boxed&quot;}\" data-core-v316-plus=\"true\">\n\t\t\t\t\t<div class=\"e-con-inner\">\n\t\t\t\t<div class=\"elementor-element elementor-element-253f4131 elementor-widget elementor-widget-text-editor\" data-id=\"253f4131\" data-element_type=\"widget\" data-widget_type=\"text-editor.default\">\n\t\t\t\t<div class=\"elementor-widget-container\">\n\t\t\t\t\t\t\t<p>As cartas de candidatura, quer na resposta a um an\u00fancio quer na apresenta\u00e7\u00e3o de uma candidatura espont\u00e2nea, s\u00e3o normalmente curtas e simples, nunca mais que o equivalente a uma p\u00e1gina A4. O conte\u00fado deve evidenciar (por exemplo, atrav\u00e9s de palavras-chave) a rela\u00e7\u00e3o da sua experi\u00eancia, qualifica\u00e7\u00f5es e expetativas com o perfil profissional pretendido pelo empregador, anexando-se um <em>Curriculum Vitae <\/em>(CV). Estas cartas s\u00e3o cada vez mais substitu\u00eddas pelo pr\u00f3prio texto do e-mail, ao qual se anexa o CV.<\/p>\n<p>C\u00f3pias de certificados de habilita\u00e7\u00f5es apenas s\u00e3o solicitadas mais tarde, na altura do recrutamento propriamente dito. Em m\u00e9dia, o processo de recrutamento pode demorar cerca de 1 a 2 meses (dependendo da complexidade da fun\u00e7\u00e3o e da urg\u00eancia no preenchimento da vaga).<\/p>\n<p>Os formul\u00e1rios de candidatura s\u00e3o bastante usados (sobretudo em formato \u201conline\u201d), para candidatos com ou sem qualifica\u00e7\u00f5es, em modelos muito diversos. Alguns est\u00e3o bastante padronizados, enquanto outros se centram mais sobre a experi\u00eancia profissional anterior e usam perguntas de resposta aberta. As perguntas padr\u00e3o cobrem dados pessoais, educa\u00e7\u00e3o, experi\u00eancia e o conhecimento de idiomas.<\/p>\n<p>Um CV portugu\u00eas, de uma maneira geral, \u00e9 apresentado por ordem cronol\u00f3gica inversa (come\u00e7ando pelas experi\u00eancias e qualifica\u00e7\u00f5es adquiridas mais recentemente), com 1 a 2 p\u00e1ginas. O modelo funcional (para profissionais com experi\u00eancias diversificadas) e o modelo infogr\u00e1fico (em 1 p\u00e1gina, sobretudo para jovens com menor experi\u00eancia profissional) s\u00e3o tamb\u00e9m cada vez mais utilizados. A inclus\u00e3o de fotografia \u00e9 muitas vezes valorizada.<\/p>\n<p>Na sua estrutura, deve incluir os seguintes elementos: 1. dados pessoais e de contacto (local de resid\u00eancia \u2013 n\u00e3o morada completa, mas cidade e pa\u00eds, telem\u00f3vel e\/ou telefone, e-mail, p\u00e1gina no LinkedIn, endere\u00e7o de Skype, etc.); 2. experi\u00eancia profissional; 3. educa\u00e7\u00e3o (n\u00edvel m\u00e1ximo de escolaridade); 4. forma\u00e7\u00e3o profissional (categoria distinta da educa\u00e7\u00e3o inicial; indicar os cursos de forma\u00e7\u00e3o, est\u00e1gios e eventual refer\u00eancia a carteira profissional \/ inscri\u00e7\u00e3o em Ordem Profissional, quando aplic\u00e1vel); 5. outros conhecimentos (de l\u00ednguas estrangeiras, de inform\u00e1tica; refer\u00eancia \u00e0 carta de condu\u00e7\u00e3o, se for requisito da oferta); 6. atividades de lazer \/ interesses pessoais (opcional).<\/p>\n<p>Outra ferramenta cada vez mais utilizada s\u00e3o os v\u00eddeo-CVs ou v\u00eddeos de apresenta\u00e7\u00e3o pessoal, podendo ser enviados por iniciativa do candidato ou solicitados pelo empregador ou recrutador, em alguns processos de recrutamento espec\u00edficos.<\/p>\n<p>Ap\u00f3s a candidatura a uma posi\u00e7\u00e3o (atrav\u00e9s de e-mail, formul\u00e1rio de candidatura ou carta), a entrevista \u00e9 o passo seguinte, sendo a principal t\u00e9cnica de sele\u00e7\u00e3o. Nesta, os entrevistadores valorizam mais a experi\u00eancia profissional, a forma\u00e7\u00e3o profissional, conhecimentos relativos \u00e0 empresa e ao seu principal setor de atividade e as suas compet\u00eancias (t\u00e9cnicas, organizativas, sociais). Pode levar para a entrevista alguns documentos, nomeadamente diplomas, comprovativos de experi\u00eancias anteriores (certificados de trabalho), recomenda\u00e7\u00f5es de antigos empregadores e outros documentos que considere poderem valoriz\u00e1-lo\/a \u2013 mas apenas deve apresent\u00e1-los se solicitado por quem o\/a entrevista.<\/p>\n<p>No seguimento da pandemia, a ades\u00e3o a entrevistas de sele\u00e7\u00e3o por videochamada por parte das empresas \u00e9 crescente \u2013 e \u00e9 uma tend\u00eancia que veio para ficar. Aplicam-se os mesmos requisitos, por regra, que nas entrevistas presenciais \u2013 sendo em acr\u00e9scimo aconselhado aos candidatos que acautelem atempadamente o acesso aos meios tecnol\u00f3gicos necess\u00e1rios (computador com c\u00e2mara ou webcam, auscultadores com microfone, acesso est\u00e1vel a internet) e reservem espa\u00e7o com alguma privacidade.<\/p>\n<p>Na entrevista (mesmo quando \u201conline\u201d), uma apar\u00eancia pessoal cuidada (roupas, corte de cabelo, etc.) pode ser importante. Evite, por exemplo, a utiliza\u00e7\u00e3o de \u201cpiercings\u201d e a visibilidade de tatuagens.<\/p>\n<p>O uso de testes psicot\u00e9cnicos ainda \u00e9 comum em Portugal em empresas de maior dimens\u00e3o ou quando o recrutamento \u00e9 efetuado por ag\u00eancias de recrutamento \/ consultores de sele\u00e7\u00e3o e recrutamento.<\/p>\n<p>Testes de aptid\u00e3o e psicom\u00e9tricos s\u00e3o normalmente usados para candidatos a n\u00edveis interm\u00e9dios de gest\u00e3o. A grafologia \u00e9 usada em alguns casos (n\u00e3o \u00e9 necess\u00e1ria a permiss\u00e3o pr\u00e9via dos candidatos).<\/p>\n<p>Para algumas fun\u00e7\u00f5es, podem ser solicitados exames m\u00e9dicos antes da contrata\u00e7\u00e3o. O m\u00e9dico respons\u00e1vel s\u00f3 pode declarar se o\/a candidato\/a preenche os requisitos m\u00e9dicos para a tarefa a desempenhar.<\/p>\n<\/p>\n<p>Hiperliga\u00e7\u00f5es:<\/p>\n<table width=\"602\">\n<tbody>\n<tr>\n<td width=\"232\">T\u00edtulo\/nome<\/td>\n<td width=\"370\">URL<\/td>\n<\/tr>\n<tr>\n<td width=\"232\">Iefponline Como procurar emprego<\/td>\n<td width=\"370\"><a href=\"https:\/\/iefponline.iefp.pt\/IEFP\/comoprocuraremprego.jsp\">https:\/\/iefponline.iefp.pt\/IEFP\/comoprocuraremprego.jsp<\/a><\/td>\n<\/tr>\n<\/tbody>\n<\/table>\n\t\t\t\t\t\t<\/div>\n\t\t\t\t<\/div>\n\t\t\t\t\t<\/div>\n\t\t\t\t<\/div>\n\t\t\t\t<\/div>\n\t\t<\/div>\n\t\t\n\t\t\t\n\t\t\n\t\t\t\n\t\t\n\t\t\t\n\t\t\n\t\t\t\n\t\t\n\t\t\t\n\t\t\n\t\t\t\n\t\t\n\t\t\t\n\t\t\n\t\t\t\n\t\t\n\t<\/div>\n\n<\/div>\n\t<\/div>\n\n\t\n<\/div>","protected":false},"excerpt":{"rendered":"<p>A Como candidatar-se Category: Busco trabajo en el Algarve As cartas de candidatura, quer na resposta a um an\u00fancio quer na apresenta\u00e7\u00e3o de uma candidatura espont\u00e2nea, s\u00e3o normalmente curtas e simples, nunca mais que o equivalente a uma p\u00e1gina A4. O conte\u00fado deve evidenciar (por exemplo, atrav\u00e9s de palavras-chave) a rela\u00e7\u00e3o da sua experi\u00eancia, qualifica\u00e7\u00f5es [&hellip;]<\/p>\n","protected":false},"author":1,"comment_status":"open","ping_status":"closed","template":"","meta":{"om_disable_all_campaigns":false,"inline_featured_image":false,"_monsterinsights_skip_tracking":false,"_monsterinsights_sitenote_active":false,"_monsterinsights_sitenote_note":"","_monsterinsights_sitenote_category":0,"cybocfi_hide_featured_image":"","_links_to":"","_links_to_target":""},"ufaq-category":[146],"ufaq-tag":[],"aioseo_notices":[],"_links":{"self":[{"href":"https:\/\/www.eures-andalucia-algarve.eu\/pt-pt\/wp-json\/wp\/v2\/ufaq\/14611"}],"collection":[{"href":"https:\/\/www.eures-andalucia-algarve.eu\/pt-pt\/wp-json\/wp\/v2\/ufaq"}],"about":[{"href":"https:\/\/www.eures-andalucia-algarve.eu\/pt-pt\/wp-json\/wp\/v2\/types\/ufaq"}],"author":[{"embeddable":true,"href":"https:\/\/www.eures-andalucia-algarve.eu\/pt-pt\/wp-json\/wp\/v2\/users\/1"}],"replies":[{"embeddable":true,"href":"https:\/\/www.eures-andalucia-algarve.eu\/pt-pt\/wp-json\/wp\/v2\/comments?post=14611"}],"version-history":[{"count":1,"href":"https:\/\/www.eures-andalucia-algarve.eu\/pt-pt\/wp-json\/wp\/v2\/ufaq\/14611\/revisions"}],"predecessor-version":[{"id":14612,"href":"https:\/\/www.eures-andalucia-algarve.eu\/pt-pt\/wp-json\/wp\/v2\/ufaq\/14611\/revisions\/14612"}],"wp:attachment":[{"href":"https:\/\/www.eures-andalucia-algarve.eu\/pt-pt\/wp-json\/wp\/v2\/media?parent=14611"}],"wp:term":[{"taxonomy":"ufaq-category","embeddable":true,"href":"https:\/\/www.eures-andalucia-algarve.eu\/pt-pt\/wp-json\/wp\/v2\/ufaq-category?post=14611"},{"taxonomy":"ufaq-tag","embeddable":true,"href":"https:\/\/www.eures-andalucia-algarve.eu\/pt-pt\/wp-json\/wp\/v2\/ufaq-tag?post=14611"}],"curies":[{"name":"wp","href":"https:\/\/api.w.org\/{rel}","templated":true}]}}