{"id":17198,"date":"2024-02-08T17:50:28","date_gmt":"2024-02-08T16:50:28","guid":{"rendered":"https:\/\/www.eures-andalucia-algarve.eu\/estatisticas-do-algarve\/"},"modified":"2024-02-08T18:05:53","modified_gmt":"2024-02-08T17:05:53","slug":"estatisticas-do-algarve","status":"publish","type":"page","link":"https:\/\/www.eures-andalucia-algarve.eu\/pt-pt\/estatisticas-do-algarve\/","title":{"rendered":"Estat\u00edsticas do Algarve"},"content":{"rendered":"\t\t<div data-elementor-type=\"wp-page\" data-elementor-id=\"17198\" class=\"elementor elementor-17198 elementor-17183\">\n\t\t\t\t\t\t<section class=\"elementor-section elementor-top-section elementor-element elementor-element-65d9f7e elementor-section-full_width elementor-section-height-default elementor-section-height-default wpr-particle-no wpr-jarallax-no wpr-parallax-no wpr-sticky-section-no\" data-id=\"65d9f7e\" data-element_type=\"section\">\n\t\t\t\t\t\t<div class=\"elementor-container elementor-column-gap-no\">\n\t\t\t\t\t<div class=\"elementor-column elementor-col-100 elementor-top-column elementor-element elementor-element-83c05c0\" data-id=\"83c05c0\" data-element_type=\"column\">\n\t\t\t<div class=\"elementor-widget-wrap elementor-element-populated\">\n\t\t\t\t\t\t<div class=\"elementor-element elementor-element-14363f2 elementor-align-left elementor-widget elementor-widget-bdevs-page-header\" data-id=\"14363f2\" data-element_type=\"widget\" data-widget_type=\"bdevs-page-header.default\">\n\t\t\t\t<div class=\"elementor-widget-container\">\n\t\t\t    <div class=\"full-landing-image sx-bnr-inr overlay-wraper  bg-top-center\"    style=\"background-image:url(https:\/\/www.eures-andalucia-algarve.eu\/wp-content\/uploads\/2023\/10\/cabgenerico-V2-6-1.jpg);\">\r\n            <div class=\"overlay-main bg-white opacity-0\"><\/div>\r\n            <div class=\"container\">\r\n                <div class=\"sx-bnr-inr-entry\">\r\n                    <div class=\"banner-title-outer\">\r\n                                                <div class=\"banner-title-name\">\r\n                                                        <span class=\"sx-bnr-sm-title\">ESTAT\u00cdSTICAS DO MERCADO DE TRABALHO DA EURES-T<\/span>\r\n                                                                                    <h2 class=\"sx-title\">Estat\u00edsticas do Algarve<\/h2>\r\n                                                    <\/div>\r\n                                                <!-- BREADCRUMB ROW -->                            \r\n                        <div>\r\n                            <ul class=\"sx-breadcrumb breadcrumb-style-2\">\r\n                                                                <li><a href=\"https:\/\/www.eures-andalucia-algarve.eu\/pt-pt\/\">Publicaciones<\/a><\/li>\r\n                                                                                                <li>Estad\u00edsticas<\/li>\r\n                                                            <\/ul>\r\n                        <\/div>\r\n                        <!-- BREADCRUMB ROW END -->  \r\n                    <\/div>                          \r\n                <\/div>\r\n            <\/div> \r\n                        <div class=\"sx-bnr-outline-text\">\r\n                <h1>EURES T A-A<\/h1>\r\n            <\/div> \r\n                    <\/div>\r\n    \t\t<\/div>\n\t\t\t\t<\/div>\n\t\t\t\t\t<\/div>\n\t\t<\/div>\n\t\t\t\t\t<\/div>\n\t\t<\/section>\n\t\t\t\t<section class=\"elementor-section elementor-top-section elementor-element elementor-element-08706c6 elementor-section-full_width elementor-section-height-default elementor-section-height-default wpr-particle-no wpr-jarallax-no wpr-parallax-no wpr-sticky-section-no\" data-id=\"08706c6\" data-element_type=\"section\" data-settings=\"{&quot;background_background&quot;:&quot;classic&quot;}\">\n\t\t\t\t\t\t\t<div class=\"elementor-background-overlay\"><\/div>\n\t\t\t\t\t\t\t<div class=\"elementor-container elementor-column-gap-default\">\n\t\t\t\t\t<div class=\"elementor-column elementor-col-100 elementor-top-column elementor-element elementor-element-55f71df\" data-id=\"55f71df\" data-element_type=\"column\">\n\t\t\t<div class=\"elementor-widget-wrap elementor-element-populated\">\n\t\t\t\t\t\t<section class=\"elementor-section elementor-inner-section elementor-element elementor-element-88fc118 elementor-section-boxed elementor-section-height-default elementor-section-height-default wpr-particle-no wpr-jarallax-no wpr-parallax-no wpr-sticky-section-no\" data-id=\"88fc118\" data-element_type=\"section\">\n\t\t\t\t\t\t<div class=\"elementor-container elementor-column-gap-default\">\n\t\t\t\t\t<div class=\"elementor-column elementor-col-100 elementor-inner-column elementor-element elementor-element-2fbd493\" data-id=\"2fbd493\" data-element_type=\"column\">\n\t\t\t<div class=\"elementor-widget-wrap elementor-element-populated\">\n\t\t\t\t\t\t<div class=\"elementor-element elementor-element-b6fe40a elementor-invisible elementor-widget elementor-widget-heading\" data-id=\"b6fe40a\" data-element_type=\"widget\" data-settings=\"{&quot;_animation&quot;:&quot;fadeInLeft&quot;}\" data-widget_type=\"heading.default\">\n\t\t\t\t<div class=\"elementor-widget-container\">\n\t\t\t<style>\/*! elementor - v3.19.0 - 28-02-2024 *\/\n.elementor-heading-title{padding:0;margin:0;line-height:1}.elementor-widget-heading .elementor-heading-title[class*=elementor-size-]>a{color:inherit;font-size:inherit;line-height:inherit}.elementor-widget-heading .elementor-heading-title.elementor-size-small{font-size:15px}.elementor-widget-heading .elementor-heading-title.elementor-size-medium{font-size:19px}.elementor-widget-heading .elementor-heading-title.elementor-size-large{font-size:29px}.elementor-widget-heading .elementor-heading-title.elementor-size-xl{font-size:39px}.elementor-widget-heading .elementor-heading-title.elementor-size-xxl{font-size:59px}<\/style><h3 class=\"elementor-heading-title elementor-size-default\">Principais Indicadores do Mercado de Trabalho no Algarve<\/h3>\t\t<\/div>\n\t\t\t\t<\/div>\n\t\t\t\t<div class=\"elementor-element elementor-element-b75b76b elementor-widget elementor-widget-text-editor\" data-id=\"b75b76b\" data-element_type=\"widget\" data-widget_type=\"text-editor.default\">\n\t\t\t\t<div class=\"elementor-widget-container\">\n\t\t\t<style>\/*! elementor - v3.19.0 - 28-02-2024 *\/\n.elementor-widget-text-editor.elementor-drop-cap-view-stacked .elementor-drop-cap{background-color:#69727d;color:#fff}.elementor-widget-text-editor.elementor-drop-cap-view-framed .elementor-drop-cap{color:#69727d;border:3px solid;background-color:transparent}.elementor-widget-text-editor:not(.elementor-drop-cap-view-default) .elementor-drop-cap{margin-top:8px}.elementor-widget-text-editor:not(.elementor-drop-cap-view-default) .elementor-drop-cap-letter{width:1em;height:1em}.elementor-widget-text-editor .elementor-drop-cap{float:left;text-align:center;line-height:1;font-size:50px}.elementor-widget-text-editor .elementor-drop-cap-letter{display:inline-block}<\/style>\t\t\t\t<h5 style=\"max-width: 800px; margin: 0 auto; text-align: center;\">Estamos a compilar a informa\u00e7\u00e3o necess\u00e1ria sobre as estat\u00edsticas do mercado de trabalho do Algarve para publica\u00e7\u00e3o.<br \/> Brevemente na Web.<\/h5>\n\t\t\t\t\t\t<\/div>\n\t\t\t\t<\/div>\n\t\t\t\t\t<\/div>\n\t\t<\/div>\n\t\t\t\t\t<\/div>\n\t\t<\/section>\n\t\t\t\t<section class=\"elementor-section elementor-inner-section elementor-element elementor-element-cb7bcc2 elementor-hidden-desktop elementor-hidden-tablet elementor-hidden-mobile elementor-section-boxed elementor-section-height-default elementor-section-height-default wpr-particle-no wpr-jarallax-no wpr-parallax-no wpr-sticky-section-no\" data-id=\"cb7bcc2\" data-element_type=\"section\">\n\t\t\t\t\t\t<div class=\"elementor-container elementor-column-gap-default\">\n\t\t\t\t\t<div class=\"elementor-column elementor-col-100 elementor-inner-column elementor-element elementor-element-7d51eaa\" data-id=\"7d51eaa\" data-element_type=\"column\">\n\t\t\t<div class=\"elementor-widget-wrap elementor-element-populated\">\n\t\t\t\t\t\t<div class=\"elementor-element elementor-element-9b6cea7 ImgNoticias elementor-widget elementor-widget-elementskit-blog-posts\" data-id=\"9b6cea7\" data-element_type=\"widget\" data-widget_type=\"elementskit-blog-posts.default\">\n\t\t\t\t<div class=\"elementor-widget-container\">\n\t\t\t<div class=\"ekit-wid-con\" >        <div id=\"post-items--9b6cea7\" class=\"row post-items\" data-masonry-config=\"true\">\n                    <div class=\"col-lg-12 col-md-12\">\n\n                                    <div class=\"elementskit-post-image-card\">\n                        <div class=\"elementskit-entry-header\">\n                                                            <a href=\"https:\/\/www.eures-andalucia-algarve.eu\/wp-content\/uploads\/2024\/01\/Andalucia.xls\" class=\"elementskit-entry-thumb\">\n                                    <img decoding=\"async\" src=\"https:\/\/www.eures-andalucia-algarve.eu\/wp-content\/uploads\/2023\/09\/MapaAndalucia1233x700-300x170.png\" alt=\"Indicadores laborais na Andaluzia\">\n                                <\/a><!-- .elementskit-entry-thumb END -->\n                                                            \n                            \n\t\t\t\t\t\t\t\t\t\t\t\t\t<\/div><!-- .elementskit-entry-header END -->\n\n\t\t\t\t\t\t<div class=\"elementskit-post-body ekit-highlight-border\">\n\t\t\t\t\t\t\t\t\t\t\t\t\t\t\t\t\t\t\t\t<h2 class=\"entry-title\">\n\t\t\t\t\t<a href=\"https:\/\/www.eures-andalucia-algarve.eu\/wp-content\/uploads\/2024\/01\/Andalucia.xls\">\n\t\t\t\t\t\tIndicadores laborais na Andaluzia\t\t\t\t\t<\/a>\n\t\t\t\t<\/h2>\n\t\t\t\t\t\t\t\t\t\t\t\n\t\t\t\t\t\t\t\t\t\t\t\t\t\t\t\t\t\t\t\t\t\t\t\t\t\t\t\t<div class=\"post-meta-list\">\n\t\t\t\t\t\t\t\t\t\t\t\t\t\t\t\t\t\t\t\t\t\t\t\t\t\t\t\t\t\t\t\t\t\t\t\t\t\t\t\t<span class=\"post-cat\">\n\n\t\t\t\t\t\t\t\t\t\t<i aria-hidden=\"true\" class=\"icon icon-folder\"><\/i>\n\t\t\t\t\t\t\t\t\t\t<a href=\"https:\/\/www.eures-andalucia-algarve.eu\/pt-pt\/category\/estatisticas\/\" rel=\"category tag\">Estat\u00edsticas<\/a> | <a href=\"https:\/\/www.eures-andalucia-algarve.eu\/pt-pt\/category\/indicadores-pt-pt\/\" rel=\"category tag\">Indicadores<\/a>\t\t\t\t\t\t\t\t\t<\/span>\n\t\t\t\t\t\t\t\t\t\t\t\t\t\t\t\t\t\t\t\t\t\t\t\t\t\t\t\t\t<\/div>\n\t\t\t\t\t\t\t\t\t\t\t\t\t\n\t\t\t\t\t\t\t\t\n\t\t\t\t\t\t\t\t\t\t\t\t\t\t\t\t\t\t\t\t\t\t\t\t\t\t\t\t\t\t\t\t\t\t\t\t\t\t\t<p>Principais indicadores do mercado de trabalho na Andaluzia. Dados actualizados at\u00e9 ao quarto trimestre de&hellip;<\/p>\n\t\t\t\t\t\t\t\t\t\t\t\t\t\t\t\t\t\t\t\t\t\t                                                            <div class=\"btn-wraper\">\n                                    \n                                                                            <a class=\"elementskit-btn whitespace--normal\" id=\"\" href=\"https:\/\/www.eures-andalucia-algarve.eu\/wp-content\/uploads\/2024\/01\/Andalucia.xls\">\n                                        <i aria-hidden=\"true\" class=\"icon icon-download\"><\/i>                                            DESCARREGAR DADOS                                        <\/a>\n                                                                    <\/div>\n                                                    <\/div><!-- .elementskit-post-body END -->\n                    <\/div>\n                \n            <\/div>\n                    <div class=\"col-lg-12 col-md-12\">\n\n                                    <div class=\"elementskit-post-image-card\">\n                        <div class=\"elementskit-entry-header\">\n                                                            <a href=\"https:\/\/www.eures-andalucia-algarve.eu\/wp-content\/uploads\/2024\/01\/Huelva.xls\" class=\"elementskit-entry-thumb\">\n                                    <img decoding=\"async\" src=\"https:\/\/www.eures-andalucia-algarve.eu\/wp-content\/uploads\/2023\/09\/MapaHuelva-300x170.png\" alt=\"Indicadores de trabalho em Huelva\">\n                                <\/a><!-- .elementskit-entry-thumb END -->\n                                                            \n                            \n\t\t\t\t\t\t\t\t\t\t\t\t\t<\/div><!-- .elementskit-entry-header END -->\n\n\t\t\t\t\t\t<div class=\"elementskit-post-body ekit-highlight-border\">\n\t\t\t\t\t\t\t\t\t\t\t\t\t\t\t\t\t\t\t\t<h2 class=\"entry-title\">\n\t\t\t\t\t<a href=\"https:\/\/www.eures-andalucia-algarve.eu\/wp-content\/uploads\/2024\/01\/Huelva.xls\">\n\t\t\t\t\t\tIndicadores de trabalho em Huelva\t\t\t\t\t<\/a>\n\t\t\t\t<\/h2>\n\t\t\t\t\t\t\t\t\t\t\t\n\t\t\t\t\t\t\t\t\t\t\t\t\t\t\t\t\t\t\t\t\t\t\t\t\t\t\t\t<div class=\"post-meta-list\">\n\t\t\t\t\t\t\t\t\t\t\t\t\t\t\t\t\t\t\t\t\t\t\t\t\t\t\t\t\t\t\t\t\t\t\t\t\t\t\t\t<span class=\"post-cat\">\n\n\t\t\t\t\t\t\t\t\t\t<i aria-hidden=\"true\" class=\"icon icon-folder\"><\/i>\n\t\t\t\t\t\t\t\t\t\t<a href=\"https:\/\/www.eures-andalucia-algarve.eu\/pt-pt\/category\/estatisticas\/\" rel=\"category tag\">Estat\u00edsticas<\/a> | <a href=\"https:\/\/www.eures-andalucia-algarve.eu\/pt-pt\/category\/indicadores-pt-pt\/\" rel=\"category tag\">Indicadores<\/a>\t\t\t\t\t\t\t\t\t<\/span>\n\t\t\t\t\t\t\t\t\t\t\t\t\t\t\t\t\t\t\t\t\t\t\t\t\t\t\t\t\t<\/div>\n\t\t\t\t\t\t\t\t\t\t\t\t\t\n\t\t\t\t\t\t\t\t\n\t\t\t\t\t\t\t\t\t\t\t\t\t\t\t\t\t\t\t\t\t\t\t\t\t\t\t\t\t\t\t\t\t\t\t\t\t\t\t<p>Principais indicadores do mercado de trabalho em Huelva Dados actualizados at\u00e9 ao quarto trimestre de&hellip;<\/p>\n\t\t\t\t\t\t\t\t\t\t\t\t\t\t\t\t\t\t\t\t\t\t                                                            <div class=\"btn-wraper\">\n                                    \n                                                                            <a class=\"elementskit-btn whitespace--normal elementskit-btn whitespace--normal\" id=\" \" href=\"https:\/\/www.eures-andalucia-algarve.eu\/wp-content\/uploads\/2024\/01\/Andalucia.xls https:\/\/www.eures-andalucia-algarve.eu\/wp-content\/uploads\/2024\/01\/Huelva.xls\">\n                                        <i aria-hidden=\"true\" class=\"icon icon-download\"><\/i>                                            DESCARREGAR DADOS                                        <\/a>\n                                                                    <\/div>\n                                                    <\/div><!-- .elementskit-post-body END -->\n                    <\/div>\n                \n            <\/div>\n                <\/div>\n       <\/div>\t\t<\/div>\n\t\t\t\t<\/div>\n\t\t\t\t\t<\/div>\n\t\t<\/div>\n\t\t\t\t\t<\/div>\n\t\t<\/section>\n\t\t\t\t\t<\/div>\n\t\t<\/div>\n\t\t\t\t\t<\/div>\n\t\t<\/section>\n\t\t\t\t<section class=\"elementor-section elementor-top-section elementor-element elementor-element-184b3a7 elementor-section-boxed elementor-section-height-default elementor-section-height-default wpr-particle-no wpr-jarallax-no wpr-parallax-no wpr-sticky-section-no\" data-id=\"184b3a7\" data-element_type=\"section\" data-settings=\"{&quot;background_background&quot;:&quot;classic&quot;}\">\n\t\t\t\t\t\t\t<div class=\"elementor-background-overlay\"><\/div>\n\t\t\t\t\t\t\t<div class=\"elementor-container elementor-column-gap-default\">\n\t\t\t\t\t<div class=\"elementor-column elementor-col-100 elementor-top-column elementor-element elementor-element-18c34ec elementor-invisible\" data-id=\"18c34ec\" data-element_type=\"column\" data-settings=\"{&quot;animation&quot;:&quot;fadeIn&quot;}\">\n\t\t\t<div class=\"elementor-widget-wrap elementor-element-populated\">\n\t\t\t\t\t\t<div class=\"elementor-element elementor-element-42caa14 elementor-widget elementor-widget-heading\" data-id=\"42caa14\" data-element_type=\"widget\" data-widget_type=\"heading.default\">\n\t\t\t\t<div class=\"elementor-widget-container\">\n\t\t\t<h2 class=\"elementor-heading-title elementor-size-default\">Ficha sobre o mercado de trabalho transfronteiri\u00e7o\n<\/h2>\t\t<\/div>\n\t\t\t\t<\/div>\n\t\t\t\t<div class=\"elementor-element elementor-element-adc8c7e elementor-widget elementor-widget-text-editor\" data-id=\"adc8c7e\" data-element_type=\"widget\" data-widget_type=\"text-editor.default\">\n\t\t\t\t<div class=\"elementor-widget-container\">\n\t\t\t\t\t\t\t<p>Descarregar a ficha de estat\u00edsticas conjunturais sobre o mercado de trabalho transfronteiri\u00e7o<\/p>\n\t\t\t\t\t\t<\/div>\n\t\t\t\t<\/div>\n\t\t\t\t<div class=\"elementor-element elementor-element-8b2b0a9 elementor-align-center elementor-widget elementor-widget-button\" data-id=\"8b2b0a9\" data-element_type=\"widget\" data-widget_type=\"button.default\">\n\t\t\t\t<div class=\"elementor-widget-container\">\n\t\t\t\t\t<div class=\"elementor-button-wrapper\">\n\t\t\t<a class=\"elementor-button elementor-button-link elementor-size-sm\" href=\"https:\/\/www.eures-andalucia-algarve.eu\/wp-content\/uploads\/2023\/09\/00_FichaTecnica-Estadisticas-Coyunturales-Mercado-Transfronterizo.pdf\" target=\"_blank\">\n\t\t\t\t\t\t<span class=\"elementor-button-content-wrapper\">\n\t\t\t\t\t\t<span class=\"elementor-button-text\">DESCARREGAR FICHA DE DADOS<\/span>\n\t\t<\/span>\n\t\t\t\t\t<\/a>\n\t\t<\/div>\n\t\t\t\t<\/div>\n\t\t\t\t<\/div>\n\t\t\t\t\t<\/div>\n\t\t<\/div>\n\t\t\t\t\t<\/div>\n\t\t<\/section>\n\t\t\t\t<\/div>\n\t\t","protected":false},"excerpt":{"rendered":"<p>ESTAT\u00cdSTICAS DO MERCADO DE TRABALHO DA EURES-T Estat\u00edsticas do Algarve Publicaciones Estad\u00edsticas EURES T A-A Principais Indicadores do Mercado de Trabalho no Algarve Estamos a compilar a informa\u00e7\u00e3o necess\u00e1ria sobre as estat\u00edsticas do mercado de trabalho do Algarve para publica\u00e7\u00e3o. Brevemente na Web. Indicadores de trabajo en Andaluc\u00eda Estad\u00edsticas | Indicadores Principales indicadores de Mercado [&hellip;]<\/p>\n","protected":false},"author":1,"featured_media":0,"parent":0,"menu_order":0,"comment_status":"closed","ping_status":"closed","template":"page-templates\/home-1.php","meta":{"om_disable_all_campaigns":false,"inline_featured_image":false,"_monsterinsights_skip_tracking":false,"_monsterinsights_sitenote_active":false,"_monsterinsights_sitenote_note":"","_monsterinsights_sitenote_category":0,"cybocfi_hide_featured_image":"","footnotes":"","_links_to":"","_links_to_target":""},"aioseo_notices":[],"_links":{"self":[{"href":"https:\/\/www.eures-andalucia-algarve.eu\/pt-pt\/wp-json\/wp\/v2\/pages\/17198"}],"collection":[{"href":"https:\/\/www.eures-andalucia-algarve.eu\/pt-pt\/wp-json\/wp\/v2\/pages"}],"about":[{"href":"https:\/\/www.eures-andalucia-algarve.eu\/pt-pt\/wp-json\/wp\/v2\/types\/page"}],"author":[{"embeddable":true,"href":"https:\/\/www.eures-andalucia-algarve.eu\/pt-pt\/wp-json\/wp\/v2\/users\/1"}],"replies":[{"embeddable":true,"href":"https:\/\/www.eures-andalucia-algarve.eu\/pt-pt\/wp-json\/wp\/v2\/comments?post=17198"}],"version-history":[{"count":1,"href":"https:\/\/www.eures-andalucia-algarve.eu\/pt-pt\/wp-json\/wp\/v2\/pages\/17198\/revisions"}],"predecessor-version":[{"id":17199,"href":"https:\/\/www.eures-andalucia-algarve.eu\/pt-pt\/wp-json\/wp\/v2\/pages\/17198\/revisions\/17199"}],"wp:attachment":[{"href":"https:\/\/www.eures-andalucia-algarve.eu\/pt-pt\/wp-json\/wp\/v2\/media?parent=17198"}],"curies":[{"name":"wp","href":"https:\/\/api.w.org\/{rel}","templated":true}]}}